{"id":180,"date":"2026-02-10T13:08:29","date_gmt":"2026-02-10T12:08:29","guid":{"rendered":"https:\/\/sarelaeditorial.com\/sarela-editorial\/"},"modified":"2026-03-09T11:02:42","modified_gmt":"2026-03-09T10:02:42","slug":"sarela-editorial","status":"publish","type":"page","link":"https:\/\/sarelaeditorial.com\/gl\/","title":{"rendered":"Sarela Editorial"},"content":{"rendered":"\t\t<div data-elementor-type=\"wp-page\" data-elementor-id=\"180\" class=\"elementor elementor-180 elementor-31\" data-elementor-post-type=\"page\">\n\t\t\t\t<div class=\"elementor-element elementor-element-9195adf e-con-full e-flex e-con e-parent\" data-id=\"9195adf\" data-element_type=\"container\" data-e-type=\"container\" data-settings=\"{&quot;background_background&quot;:&quot;video&quot;,&quot;background_video_link&quot;:&quot;https:\\\/\\\/sarela.b-cdn.net\\\/wp-content\\\/uploads\\\/2026\\\/02\\\/Sarela-video-header.mp4&quot;}\">\n\t\t<div class=\"elementor-background-video-container elementor-hidden-mobile\">\n\t\t\t\t\t\t\t<video class=\"elementor-background-video-hosted\" role=\"presentation\" autoplay muted playsinline loop><\/video>\n\t\t\t\t\t<\/div><div class=\"elementor-element elementor-element-3c6610b e-con-full e-flex e-con e-child\" data-id=\"3c6610b\" data-element_type=\"container\" data-e-type=\"container\">\n\t\t\t\t<div class=\"dce-visibility-element-hidden dce-visibility-original-content elementor-element elementor-element-db72cea elementor-widget elementor-widget-heading\" data-id=\"db72cea\" data-element_type=\"widget\" data-e-type=\"widget\" data-settings=\"{&quot;enabled_visibility&quot;:&quot;yes&quot;}\" data-widget_type=\"heading.default\">\n\t\t\t\t\t<h1 class=\"elementor-heading-title elementor-size-default\">Sarela Editorial<\/h1>\t\t\t\t<\/div>\n\t\t\t\t<div class=\"elementor-element elementor-element-1b2dd4f elementor-widget elementor-widget-image\" data-id=\"1b2dd4f\" data-element_type=\"widget\" data-e-type=\"widget\" data-widget_type=\"image.default\">\n\t\t\t\t\t\t\t\t\t\t\t\t\t\t\t<img fetchpriority=\"high\" decoding=\"async\" width=\"768\" height=\"262\" src=\"https:\/\/sarelaeditorial.com\/wp-content\/uploads\/2026\/02\/Sarela-Editorial-logo-blanco.svg\" class=\"attachment-medium_large size-medium_large wp-image-183\" alt=\"\" \/>\t\t\t\t\t\t\t\t\t\t\t\t\t\t\t<\/div>\n\t\t\t\t<div class=\"elementor-element elementor-element-b09529a elementor-widget elementor-widget-heading\" data-id=\"b09529a\" data-element_type=\"widget\" data-e-type=\"widget\" data-widget_type=\"heading.default\">\n\t\t\t\t\t<h2 class=\"elementor-heading-title elementor-size-default\">Un proxecto editorial que une papel e tecnolox\u00eda para darlle voz \u00e1 escola.\n<\/h2>\t\t\t\t<\/div>\n\t\t\t\t<div class=\"elementor-element elementor-element-e9563fd elementor-widget elementor-widget-heading\" data-id=\"e9563fd\" data-element_type=\"widget\" data-e-type=\"widget\" data-widget_type=\"heading.default\">\n\t\t\t\t\t<h2 class=\"elementor-heading-title elementor-size-default\">Unha soluci\u00f3n h\u00edbrida que facilita o traballo do profesorado, motiva o alumnado, implica as familias e ofrece soluci\u00f3ns \u00e1 medida para os centros educativos.<\/h2>\t\t\t\t<\/div>\n\t\t<div class=\"elementor-element elementor-element-334d640 e-con-full e-flex e-con e-child\" data-id=\"334d640\" data-element_type=\"container\" data-e-type=\"container\">\n\t\t\t\t<div class=\"elementor-element elementor-element-f3751c8 elementor-widget elementor-widget-image\" data-id=\"f3751c8\" data-element_type=\"widget\" data-e-type=\"widget\" data-widget_type=\"image.default\">\n\t\t\t\t\t\t\t\t\t\t\t\t\t\t\t\t<a href=\"https:\/\/www.lavozdegalicia.es\/\" target=\"_blank\">\n\t\t\t\t\t\t\t<img decoding=\"async\" width=\"800\" height=\"123\" src=\"https:\/\/sarelaeditorial.com\/wp-content\/uploads\/2026\/02\/La-Voz-de-Galicia.svg\" class=\"attachment-large size-large wp-image-184\" alt=\"\" \/>\t\t\t\t\t\t\t\t<\/a>\n\t\t\t\t\t\t\t\t\t\t\t\t\t\t\t<\/div>\n\t\t\t\t<div class=\"elementor-element elementor-element-53af4ea elementor-hidden-mobile elementor-widget elementor-widget-spacer\" data-id=\"53af4ea\" data-element_type=\"widget\" data-e-type=\"widget\" data-widget_type=\"spacer.default\">\n\t\t\t\t\t\t\t<div class=\"elementor-spacer\">\n\t\t\t<div class=\"elementor-spacer-inner\"><\/div>\n\t\t<\/div>\n\t\t\t\t\t\t<\/div>\n\t\t\t\t<div class=\"elementor-element elementor-element-4f1dc02 elementor-widget elementor-widget-image\" data-id=\"4f1dc02\" data-element_type=\"widget\" data-e-type=\"widget\" data-widget_type=\"image.default\">\n\t\t\t\t\t\t\t\t\t\t\t\t\t\t\t\t<a href=\"https:\/\/www.netexlearning.com\/\" target=\"_blank\">\n\t\t\t\t\t\t\t<img decoding=\"async\" width=\"800\" height=\"195\" src=\"https:\/\/sarelaeditorial.com\/wp-content\/uploads\/2026\/02\/Netex-logo.svg\" class=\"attachment-large size-large wp-image-185\" alt=\"\" \/>\t\t\t\t\t\t\t\t<\/a>\n\t\t\t\t\t\t\t\t\t\t\t\t\t\t\t<\/div>\n\t\t\t\t<\/div>\n\t\t\t\t<\/div>\n\t\t\t\t<\/div>\n\t\t<!-- dce invisible element e80a1d9 --><div class=\"elementor-element elementor-element-862dd60 animated-fast e-flex e-con-boxed elementor-invisible e-con e-parent\" data-id=\"862dd60\" data-element_type=\"container\" data-e-type=\"container\" data-settings=\"{&quot;background_background&quot;:&quot;classic&quot;,&quot;animation&quot;:&quot;fadeIn&quot;}\">\n\t\t\t\t\t<div class=\"e-con-inner\">\n\t\t\t\t<div class=\"elementor-element elementor-element-785bbee elementor-widget elementor-widget-heading\" data-id=\"785bbee\" data-element_type=\"widget\" data-e-type=\"widget\" data-widget_type=\"heading.default\">\n\t\t\t\t\t<h2 class=\"elementor-heading-title elementor-size-default\">Unha soluci\u00f3n h\u00edbrida que impulsa a autonom\u00eda do profesorado, motiva o alumnado, implica as familias e ofrece soluci\u00f3ns \u00e1 medida aos centros educativos.<\/h2>\t\t\t\t<\/div>\n\t\t<div class=\"elementor-element elementor-element-d134dc0 e-grid e-con-full e-con e-child\" data-id=\"d134dc0\" data-element_type=\"container\" data-e-type=\"container\">\n\t\t\t\t<div class=\"elementor-element elementor-element-87250e8 elementor-widget elementor-widget-counter\" data-id=\"87250e8\" data-element_type=\"widget\" data-e-type=\"widget\" data-widget_type=\"counter.default\">\n\t\t\t\t\t\t\t<div class=\"elementor-counter\">\n\t\t\t<div class=\"elementor-counter-title\">Materias de <br class=\"elementor-hidden-tablet elementor-hidden-mobile\">Primaria e ESO.<\/div>\t\t\t<div class=\"elementor-counter-number-wrapper\">\n\t\t\t\t<span class=\"elementor-counter-number-prefix\">+<\/span>\n\t\t\t\t<span class=\"elementor-counter-number\" data-duration=\"2000\" data-to-value=\"65\" data-from-value=\"0\" data-delimiter=\",\">0<\/span>\n\t\t\t\t<span class=\"elementor-counter-number-suffix\"><\/span>\n\t\t\t<\/div>\n\t\t<\/div>\n\t\t\t\t\t\t<\/div>\n\t\t\t\t<div class=\"elementor-element elementor-element-b4ba27a elementor-hidden-tablet elementor-hidden-mobile elementor-widget elementor-widget-counter\" data-id=\"b4ba27a\" data-element_type=\"widget\" data-e-type=\"widget\" data-widget_type=\"counter.default\">\n\t\t\t\t\t\t\t<div class=\"elementor-counter\">\n\t\t\t<span class=\"elementor-counter-title\">Recursos <br class=\"elementor-hidden-tablet elementor-hidden-mobile\">pedag\u00f3xicos creados.<\/span>\t\t\t<div class=\"elementor-counter-number-wrapper\">\n\t\t\t\t<span class=\"elementor-counter-number-prefix\">+<\/span>\n\t\t\t\t<span class=\"elementor-counter-number\" data-duration=\"2000\" data-to-value=\"56000\" data-from-value=\"0\" data-delimiter=\".\">0<\/span>\n\t\t\t\t<span class=\"elementor-counter-number-suffix\"><\/span>\n\t\t\t<\/div>\n\t\t<\/div>\n\t\t\t\t\t\t<\/div>\n\t\t\t\t<div class=\"elementor-element elementor-element-24a85e8 elementor-widget elementor-widget-counter\" data-id=\"24a85e8\" data-element_type=\"widget\" data-e-type=\"widget\" data-widget_type=\"counter.default\">\n\t\t\t\t\t\t\t<div class=\"elementor-counter\">\n\t\t\t<div class=\"elementor-counter-title\">Centros de <br class=\"elementor-hidden-tablet elementor-hidden-mobile\">ensino.<\/div>\t\t\t<div class=\"elementor-counter-number-wrapper\">\n\t\t\t\t<span class=\"elementor-counter-number-prefix\">+<\/span>\n\t\t\t\t<span class=\"elementor-counter-number\" data-duration=\"2000\" data-to-value=\"1200\" data-from-value=\"0\" data-delimiter=\".\">0<\/span>\n\t\t\t\t<span class=\"elementor-counter-number-suffix\"><\/span>\n\t\t\t<\/div>\n\t\t<\/div>\n\t\t\t\t\t\t<\/div>\n\t\t\t\t<div class=\"elementor-element elementor-element-eac1671 elementor-widget elementor-widget-counter\" data-id=\"eac1671\" data-element_type=\"widget\" data-e-type=\"widget\" data-widget_type=\"counter.default\">\n\t\t\t\t\t\t\t<div class=\"elementor-counter\">\n\t\t\t<div class=\"elementor-counter-title\">Estudantes <br class=\"elementor-hidden-tablet elementor-hidden-mobile\">en toda Espa\u00f1a.<\/div>\t\t\t<div class=\"elementor-counter-number-wrapper\">\n\t\t\t\t<span class=\"elementor-counter-number-prefix\">+<\/span>\n\t\t\t\t<span class=\"elementor-counter-number\" data-duration=\"2000\" data-to-value=\"110000\" data-from-value=\"0\" data-delimiter=\".\">0<\/span>\n\t\t\t\t<span class=\"elementor-counter-number-suffix\"><\/span>\n\t\t\t<\/div>\n\t\t<\/div>\n\t\t\t\t\t\t<\/div>\n\t\t\t\t<\/div>\n\t\t\t\t\t<\/div>\n\t\t\t\t<\/div>\n\t\t<div class=\"elementor-element elementor-element-b636c9c e-flex e-con-boxed elementor-invisible e-con e-parent\" data-id=\"b636c9c\" data-element_type=\"container\" data-e-type=\"container\" data-settings=\"{&quot;animation&quot;:&quot;fadeIn&quot;}\">\n\t\t\t\t\t<div class=\"e-con-inner\">\n\t\t\t\t<div class=\"elementor-element elementor-element-12b600f elementor-widget elementor-widget-heading\" data-id=\"12b600f\" data-element_type=\"widget\" data-e-type=\"widget\" data-widget_type=\"heading.default\">\n\t\t\t\t\t<h2 class=\"elementor-heading-title elementor-size-default\">A pedagox\u00eda gu\u00eda, <br> a tecnolox\u00eda multiplica.<\/h2>\t\t\t\t<\/div>\n\t\t\t\t<div class=\"elementor-element elementor-element-c7ae9ca elementor-widget elementor-widget-heading\" data-id=\"c7ae9ca\" data-element_type=\"widget\" data-e-type=\"widget\" data-widget_type=\"heading.default\">\n\t\t\t\t\t<h3 class=\"elementor-heading-title elementor-size-default\">Cremos nunha educaci\u00f3n h\u00edbrida e sostible, na que o dixital non substit\u00fae: potencia. O noso modelo reco\u00f1ece a diversidade na aula e ofrece recursos que se adaptan a cada forma de aprender. <br>E, se non existen, cr\u00e9anse.\n<\/h3>\t\t\t\t<\/div>\n\t\t\t\t\t<\/div>\n\t\t\t\t<\/div>\n\t\t<div class=\"elementor-element elementor-element-1777ed4 e-con-full e-flex elementor-invisible e-con e-parent\" data-id=\"1777ed4\" data-element_type=\"container\" data-e-type=\"container\" data-settings=\"{&quot;animation&quot;:&quot;fadeIn&quot;}\">\n\t\t\t\t<div class=\"elementor-element elementor-element-08026bb elementor-widget elementor-widget-image\" data-id=\"08026bb\" data-element_type=\"widget\" data-e-type=\"widget\" data-widget_type=\"image.default\">\n\t\t\t\t\t\t\t\t\t\t\t\t\t\t\t<img loading=\"lazy\" decoding=\"async\" width=\"1920\" height=\"747\" src=\"https:\/\/sarelaeditorial.com\/wp-content\/uploads\/2026\/02\/bg-image-01.png\" class=\"attachment-full size-full wp-image-186\" alt=\"\" srcset=\"https:\/\/sarelaeditorial.com\/wp-content\/uploads\/2026\/02\/bg-image-01.png 1920w, https:\/\/sarelaeditorial.com\/wp-content\/uploads\/2026\/02\/bg-image-01-300x117.png 300w, https:\/\/sarelaeditorial.com\/wp-content\/uploads\/2026\/02\/bg-image-01-1024x398.png 1024w, https:\/\/sarelaeditorial.com\/wp-content\/uploads\/2026\/02\/bg-image-01-768x299.png 768w, https:\/\/sarelaeditorial.com\/wp-content\/uploads\/2026\/02\/bg-image-01-1536x598.png 1536w\" sizes=\"(max-width: 1920px) 100vw, 1920px\" \/>\t\t\t\t\t\t\t\t\t\t\t\t\t\t\t<\/div>\n\t\t\t\t<\/div>\n\t\t<div class=\"elementor-element elementor-element-781c9bc e-grid e-con-boxed elementor-invisible e-con e-parent\" data-id=\"781c9bc\" data-element_type=\"container\" data-e-type=\"container\" data-settings=\"{&quot;animation&quot;:&quot;fadeIn&quot;}\">\n\t\t\t\t\t<div class=\"e-con-inner\">\n\t\t\t\t<div class=\"elementor-element elementor-element-2b51460 elementor-position-top elementor-widget elementor-widget-image-box\" data-id=\"2b51460\" data-element_type=\"widget\" data-e-type=\"widget\" data-widget_type=\"image-box.default\">\n\t\t\t\t\t<div class=\"elementor-image-box-wrapper\"><figure class=\"elementor-image-box-img\"><img loading=\"lazy\" decoding=\"async\" width=\"210\" height=\"99\" src=\"https:\/\/sarelaeditorial.com\/wp-content\/uploads\/2026\/02\/kpi-devices.png\" class=\"attachment-full size-full wp-image-187\" alt=\"\" \/><\/figure><div class=\"elementor-image-box-content\"><h3 class=\"elementor-image-box-title\">Contidos actualizados \u00e1 velocidade da aula<\/h3><p class=\"elementor-image-box-description\">Un cat\u00e1logo h\u00edbrido, que combina o formato dixital e o papel, e que se adapta rapidamente aos cambios normativos, metodol\u00f3xicos e sociais.\n\n<\/p><\/div><\/div>\t\t\t\t<\/div>\n\t\t\t\t<div class=\"elementor-element elementor-element-85a2139 elementor-position-top elementor-widget elementor-widget-image-box\" data-id=\"85a2139\" data-element_type=\"widget\" data-e-type=\"widget\" data-widget_type=\"image-box.default\">\n\t\t\t\t\t<div class=\"elementor-image-box-wrapper\"><figure class=\"elementor-image-box-img\"><img loading=\"lazy\" decoding=\"async\" width=\"116\" height=\"107\" src=\"https:\/\/sarelaeditorial.com\/wp-content\/uploads\/2026\/02\/kpi-people.png\" class=\"attachment-full size-full wp-image-188\" alt=\"\" \/><\/figure><div class=\"elementor-image-box-content\"><h3 class=\"elementor-image-box-title\">Recursos para implicar a familia<\/h3><p class=\"elementor-image-box-description\">Materiais dese\u00f1ados para ofrecer unha visi\u00f3n global dos contidos que se est\u00e1n a traballar na clase.\n\n\n\n<\/p><\/div><\/div>\t\t\t\t<\/div>\n\t\t\t\t<div class=\"elementor-element elementor-element-d8d4b91 elementor-position-top elementor-widget elementor-widget-image-box\" data-id=\"d8d4b91\" data-element_type=\"widget\" data-e-type=\"widget\" data-widget_type=\"image-box.default\">\n\t\t\t\t\t<div class=\"elementor-image-box-wrapper\"><figure class=\"elementor-image-box-img\"><img loading=\"lazy\" decoding=\"async\" width=\"104\" height=\"93\" src=\"https:\/\/sarelaeditorial.com\/wp-content\/uploads\/2026\/02\/kpi-puzzle.png\" class=\"attachment-full size-full wp-image-189\" alt=\"\" \/><\/figure><div class=\"elementor-image-box-content\"><h3 class=\"elementor-image-box-title\">Compatibilidade total coas plataformas escolares<\/h3><p class=\"elementor-image-box-description\">Google Classroom, Microsoft Teams, Moodle... sen cambiar o que xa funciona.\n\n<\/p><\/div><\/div>\t\t\t\t<\/div>\n\t\t\t\t<div class=\"elementor-element elementor-element-12d5e82 elementor-widget__width-inherit elementor-widget elementor-widget-image\" data-id=\"12d5e82\" data-element_type=\"widget\" data-e-type=\"widget\" data-widget_type=\"image.default\">\n\t\t\t\t\t\t\t\t\t\t\t\t\t\t\t<img loading=\"lazy\" decoding=\"async\" width=\"550\" height=\"1024\" src=\"https:\/\/sarelaeditorial.com\/wp-content\/uploads\/2026\/02\/arrow-down.svg\" class=\"attachment-large size-large wp-image-190\" alt=\"\" \/>\t\t\t\t\t\t\t\t\t\t\t\t\t\t\t<\/div>\n\t\t\t\t<div class=\"elementor-element elementor-element-47dbc09 elementor-widget elementor-widget-heading\" data-id=\"47dbc09\" data-element_type=\"widget\" data-e-type=\"widget\" data-widget_type=\"heading.default\">\n\t\t\t\t\t<h2 class=\"elementor-heading-title elementor-size-default\">Ferramentas que aforran tempo <br> e lle dan autonom\u00eda ao profesorado.\n<\/h2>\t\t\t\t<\/div>\n\t\t\t\t<div class=\"elementor-element elementor-element-b8d78ea elementor-widget__width-initial elementor-widget elementor-widget-heading\" data-id=\"b8d78ea\" data-element_type=\"widget\" data-e-type=\"widget\" data-widget_type=\"heading.default\">\n\t\t\t\t\t<h3 class=\"elementor-heading-title elementor-size-default\">Planificar as clases \u00e9 sinxelo e intuitivo, con m\u00faltiples materiais que o docente pode personalizar ou combinar con recursos propios.<\/h3>\t\t\t\t<\/div>\n\t\t\t\t\t<\/div>\n\t\t\t\t<\/div>\n\t\t<div class=\"elementor-element elementor-element-31e0c7d e-con-full e-flex elementor-invisible e-con e-parent\" data-id=\"31e0c7d\" data-element_type=\"container\" data-e-type=\"container\" data-settings=\"{&quot;animation&quot;:&quot;fadeIn&quot;}\">\n\t\t\t\t<div class=\"elementor-element elementor-element-65ec512 elementor-widget elementor-widget-image\" data-id=\"65ec512\" data-element_type=\"widget\" data-e-type=\"widget\" data-widget_type=\"image.default\">\n\t\t\t\t\t\t\t\t\t\t\t\t\t\t\t<img loading=\"lazy\" decoding=\"async\" width=\"1920\" height=\"647\" src=\"https:\/\/sarelaeditorial.com\/wp-content\/uploads\/2026\/02\/bg-image-02.png\" class=\"attachment-full size-full wp-image-191\" alt=\"\" srcset=\"https:\/\/sarelaeditorial.com\/wp-content\/uploads\/2026\/02\/bg-image-02.png 1920w, https:\/\/sarelaeditorial.com\/wp-content\/uploads\/2026\/02\/bg-image-02-300x101.png 300w, https:\/\/sarelaeditorial.com\/wp-content\/uploads\/2026\/02\/bg-image-02-1024x345.png 1024w, https:\/\/sarelaeditorial.com\/wp-content\/uploads\/2026\/02\/bg-image-02-768x259.png 768w, https:\/\/sarelaeditorial.com\/wp-content\/uploads\/2026\/02\/bg-image-02-1536x518.png 1536w\" sizes=\"(max-width: 1920px) 100vw, 1920px\" \/>\t\t\t\t\t\t\t\t\t\t\t\t\t\t\t<\/div>\n\t\t\t\t<\/div>\n\t\t<div class=\"elementor-element elementor-element-2161a8a e-grid e-con-boxed elementor-invisible e-con e-parent\" data-id=\"2161a8a\" data-element_type=\"container\" data-e-type=\"container\" data-settings=\"{&quot;animation&quot;:&quot;fadeIn&quot;}\">\n\t\t\t\t\t<div class=\"e-con-inner\">\n\t\t\t\t<div class=\"elementor-element elementor-element-db0d447 elementor-position-top elementor-widget elementor-widget-image-box\" data-id=\"db0d447\" data-element_type=\"widget\" data-e-type=\"widget\" data-widget_type=\"image-box.default\">\n\t\t\t\t\t<div class=\"elementor-image-box-wrapper\"><figure class=\"elementor-image-box-img\"><img loading=\"lazy\" decoding=\"async\" width=\"110\" height=\"109\" src=\"https:\/\/sarelaeditorial.com\/wp-content\/uploads\/2026\/02\/kpi-kids.png\" class=\"attachment-full size-full wp-image-192\" alt=\"\" \/><\/figure><div class=\"elementor-image-box-content\"><h3 class=\"elementor-image-box-title\">Ferramentas para unha clase diversa<\/h3><p class=\"elementor-image-box-description\">Personalizaci\u00f3n de contidos e dese\u00f1o de din\u00e1micas colaborativas na aula.\n<\/p><\/div><\/div>\t\t\t\t<\/div>\n\t\t\t\t<div class=\"elementor-element elementor-element-464a58f elementor-position-top elementor-widget elementor-widget-image-box\" data-id=\"464a58f\" data-element_type=\"widget\" data-e-type=\"widget\" data-widget_type=\"image-box.default\">\n\t\t\t\t\t<div class=\"elementor-image-box-wrapper\"><figure class=\"elementor-image-box-img\"><img loading=\"lazy\" decoding=\"async\" width=\"80\" height=\"81\" src=\"https:\/\/sarelaeditorial.com\/wp-content\/uploads\/2026\/02\/kpi-test.png\" class=\"attachment-full size-full wp-image-193\" alt=\"\" \/><\/figure><div class=\"elementor-image-box-content\"><h3 class=\"elementor-image-box-title\">An\u00e1lise completa da aprendizaxe<\/h3><p class=\"elementor-image-box-description\">Avaliaci\u00f3n do rendemento e detecci\u00f3n de erros para tomar decisi\u00f3ns con todos os datos.<\/p><\/div><\/div>\t\t\t\t<\/div>\n\t\t\t\t<div class=\"elementor-element elementor-element-dc781a1 elementor-position-top elementor-widget elementor-widget-image-box\" data-id=\"dc781a1\" data-element_type=\"widget\" data-e-type=\"widget\" data-widget_type=\"image-box.default\">\n\t\t\t\t\t<div class=\"elementor-image-box-wrapper\"><figure class=\"elementor-image-box-img\"><img loading=\"lazy\" decoding=\"async\" width=\"99\" height=\"97\" src=\"https:\/\/sarelaeditorial.com\/wp-content\/uploads\/2026\/02\/kpi-flag.png\" class=\"attachment-full size-full wp-image-194\" alt=\"\" \/><\/figure><div class=\"elementor-image-box-content\"><h3 class=\"elementor-image-box-title\">Docentes que lideran o cambio<\/h3><p class=\"elementor-image-box-description\">Comunidade de apoio, formaci\u00f3n continua e feedback directo para evolucionar de forma conxunta.\n\n\n<\/p><\/div><\/div>\t\t\t\t<\/div>\n\t\t\t\t<div class=\"elementor-element elementor-element-066782e elementor-widget__width-inherit elementor-widget elementor-widget-image\" data-id=\"066782e\" data-element_type=\"widget\" data-e-type=\"widget\" data-widget_type=\"image.default\">\n\t\t\t\t\t\t\t\t\t\t\t\t\t\t\t<img loading=\"lazy\" decoding=\"async\" width=\"550\" height=\"1024\" src=\"https:\/\/sarelaeditorial.com\/wp-content\/uploads\/2026\/02\/arrow-down.svg\" class=\"attachment-large size-large wp-image-190\" alt=\"\" \/>\t\t\t\t\t\t\t\t\t\t\t\t\t\t\t<\/div>\n\t\t\t\t<div class=\"elementor-element elementor-element-8b9a354 elementor-widget elementor-widget-heading\" data-id=\"8b9a354\" data-element_type=\"widget\" data-e-type=\"widget\" data-widget_type=\"heading.default\">\n\t\t\t\t\t<h2 class=\"elementor-heading-title elementor-size-default\">Un modelo flexible que se adapta <br> ao ritmo e \u00e1 realidade de cada centro.<\/h2>\t\t\t\t<\/div>\n\t\t\t\t<div class=\"elementor-element elementor-element-62a3d5b elementor-widget__width-initial elementor-widget elementor-widget-heading\" data-id=\"62a3d5b\" data-element_type=\"widget\" data-e-type=\"widget\" data-widget_type=\"heading.default\">\n\t\t\t\t\t<h3 class=\"elementor-heading-title elementor-size-default\">Cada colexio ten o seu estilo e as s\u00faas necesidades. A nosa soluci\u00f3n int\u00e9grase sen fricci\u00f3ns no que xa funciona, respectando a identidade pedag\u00f3xica de cada equipo. E o m\u00e1is importante: acompa\u00f1amos o profesorado en cada paso do cami\u00f1o.<\/h3>\t\t\t\t<\/div>\n\t\t\t\t\t<\/div>\n\t\t\t\t<\/div>\n\t\t<div class=\"elementor-element elementor-element-761be1b e-con-full e-flex elementor-invisible e-con e-parent\" data-id=\"761be1b\" data-element_type=\"container\" data-e-type=\"container\" data-settings=\"{&quot;animation&quot;:&quot;fadeIn&quot;}\">\n\t\t\t\t<div class=\"elementor-element elementor-element-ad026c2 elementor-widget elementor-widget-image\" data-id=\"ad026c2\" data-element_type=\"widget\" data-e-type=\"widget\" data-widget_type=\"image.default\">\n\t\t\t\t\t\t\t\t\t\t\t\t\t\t\t<img loading=\"lazy\" decoding=\"async\" width=\"1920\" height=\"700\" src=\"https:\/\/sarelaeditorial.com\/wp-content\/uploads\/2026\/02\/bg-image-03.png\" class=\"attachment-full size-full wp-image-195\" alt=\"\" srcset=\"https:\/\/sarelaeditorial.com\/wp-content\/uploads\/2026\/02\/bg-image-03.png 1920w, https:\/\/sarelaeditorial.com\/wp-content\/uploads\/2026\/02\/bg-image-03-300x109.png 300w, https:\/\/sarelaeditorial.com\/wp-content\/uploads\/2026\/02\/bg-image-03-1024x373.png 1024w, https:\/\/sarelaeditorial.com\/wp-content\/uploads\/2026\/02\/bg-image-03-768x280.png 768w, https:\/\/sarelaeditorial.com\/wp-content\/uploads\/2026\/02\/bg-image-03-1536x560.png 1536w\" sizes=\"(max-width: 1920px) 100vw, 1920px\" \/>\t\t\t\t\t\t\t\t\t\t\t\t\t\t\t<\/div>\n\t\t\t\t<\/div>\n\t\t<div class=\"elementor-element elementor-element-e7db8a8 e-grid e-con-boxed elementor-invisible e-con e-parent\" data-id=\"e7db8a8\" data-element_type=\"container\" data-e-type=\"container\" data-settings=\"{&quot;animation&quot;:&quot;fadeIn&quot;}\">\n\t\t\t\t\t<div class=\"e-con-inner\">\n\t\t\t\t<div class=\"elementor-element elementor-element-6bd51f3 elementor-position-top elementor-widget elementor-widget-image-box\" data-id=\"6bd51f3\" data-element_type=\"widget\" data-e-type=\"widget\" data-widget_type=\"image-box.default\">\n\t\t\t\t\t<div class=\"elementor-image-box-wrapper\"><figure class=\"elementor-image-box-img\"><img loading=\"lazy\" decoding=\"async\" width=\"96\" height=\"97\" src=\"https:\/\/sarelaeditorial.com\/wp-content\/uploads\/2026\/02\/kpi-scale.png\" class=\"attachment-full size-full wp-image-196\" alt=\"\" \/><\/figure><div class=\"elementor-image-box-content\"><h3 class=\"elementor-image-box-title\">Subscrici\u00f3ns que se axustan a cada escala<\/h3><p class=\"elementor-image-box-description\">Desde centros individuais ata redes completas ou Administraci\u00f3ns, con paquetes modulares segundo as necesidades.<\/p><\/div><\/div>\t\t\t\t<\/div>\n\t\t\t\t<div class=\"elementor-element elementor-element-33716da elementor-position-top elementor-widget elementor-widget-image-box\" data-id=\"33716da\" data-element_type=\"widget\" data-e-type=\"widget\" data-widget_type=\"image-box.default\">\n\t\t\t\t\t<div class=\"elementor-image-box-wrapper\"><figure class=\"elementor-image-box-img\"><img loading=\"lazy\" decoding=\"async\" width=\"109\" height=\"109\" src=\"https:\/\/sarelaeditorial.com\/wp-content\/uploads\/2026\/02\/kpi-mobile.png\" class=\"attachment-full size-full wp-image-197\" alt=\"\" \/><\/figure><div class=\"elementor-image-box-content\"><h3 class=\"elementor-image-box-title\">Contidos \u00e1 medida m\u00e1is al\u00e1 do cat\u00e1logo<\/h3><p class=\"elementor-image-box-description\">Materiais exclusivos para Administraci\u00f3ns e colexios, axust\u00e1ndose \u00e1s necesidades espec\u00edficas.\n\n\n<\/p><\/div><\/div>\t\t\t\t<\/div>\n\t\t\t\t<div class=\"elementor-element elementor-element-48be312 elementor-position-top elementor-widget elementor-widget-image-box\" data-id=\"48be312\" data-element_type=\"widget\" data-e-type=\"widget\" data-widget_type=\"image-box.default\">\n\t\t\t\t\t<div class=\"elementor-image-box-wrapper\"><figure class=\"elementor-image-box-img\"><img loading=\"lazy\" decoding=\"async\" width=\"108\" height=\"100\" src=\"https:\/\/sarelaeditorial.com\/wp-content\/uploads\/2026\/02\/kpi-heart.png\" class=\"attachment-full size-full wp-image-198\" alt=\"\" \/><\/figure><div class=\"elementor-image-box-content\"><h3 class=\"elementor-image-box-title\">Proxectos especiais e consultor\u00eda<\/h3><p class=\"elementor-image-box-description\">Asesoramento para implantar estratexias dixitais. Colaboraci\u00f3ns con entidades gobernamentais e ONG.<\/p><\/div><\/div>\t\t\t\t<\/div>\n\t\t\t\t<div class=\"elementor-element elementor-element-3575076 elementor-position-top elementor-widget elementor-widget-image-box\" data-id=\"3575076\" data-element_type=\"widget\" data-e-type=\"widget\" data-widget_type=\"image-box.default\">\n\t\t\t\t\t<div class=\"elementor-image-box-wrapper\"><figure class=\"elementor-image-box-img\"><img loading=\"lazy\" decoding=\"async\" width=\"94\" height=\"98\" src=\"https:\/\/sarelaeditorial.com\/wp-content\/uploads\/2026\/02\/kpi-headphones.png\" class=\"attachment-full size-full wp-image-199\" alt=\"\" \/><\/figure><div class=\"elementor-image-box-content\"><h3 class=\"elementor-image-box-title\">Soporte e formaci\u00f3n continua<\/h3><p class=\"elementor-image-box-description\">Asistencia t\u00e9cnica con formaci\u00f3n continuada e durante todo o proceso, desde o primeiro clic ata a certificaci\u00f3n.\n\n<\/p><\/div><\/div>\t\t\t\t<\/div>\n\t\t\t\t\t<\/div>\n\t\t\t\t<\/div>\n\t\t<div class=\"elementor-element elementor-element-ed344d3 e-con-full e-flex elementor-invisible e-con e-parent\" data-id=\"ed344d3\" data-element_type=\"container\" data-e-type=\"container\" data-settings=\"{&quot;background_background&quot;:&quot;classic&quot;,&quot;animation&quot;:&quot;fadeIn&quot;}\">\n\t\t\t\t<div class=\"elementor-element elementor-element-1914598 elementor-widget elementor-widget-heading\" data-id=\"1914598\" data-element_type=\"widget\" data-e-type=\"widget\" data-widget_type=\"heading.default\">\n\t\t\t\t\t<h2 class=\"elementor-heading-title elementor-size-default\">Leva a t\u00faa aula ao seguinte nivel.\n<\/h2>\t\t\t\t<\/div>\n\t\t<div class=\"elementor-element elementor-element-826e2ba e-flex e-con-boxed e-con e-child\" data-id=\"826e2ba\" data-element_type=\"container\" data-e-type=\"container\" data-settings=\"{&quot;background_background&quot;:&quot;classic&quot;}\">\n\t\t\t\t\t<div class=\"e-con-inner\">\n\t\t\t\t\t<\/div>\n\t\t\t\t<\/div>\n\t\t\t\t<\/div>\n\t\t<div class=\"elementor-element elementor-element-c8e7b5f e-flex e-con-boxed e-con e-parent\" data-id=\"c8e7b5f\" data-element_type=\"container\" data-e-type=\"container\" data-settings=\"{&quot;background_background&quot;:&quot;classic&quot;}\">\n\t\t\t\t\t<div class=\"e-con-inner\">\n\t\t<div class=\"elementor-element elementor-element-7b80e0d e-con-full e-flex e-con e-child\" data-id=\"7b80e0d\" data-element_type=\"container\" data-e-type=\"container\">\n\t\t\t\t<div class=\"elementor-element elementor-element-986cdfa elementor-widget elementor-widget-heading\" data-id=\"986cdfa\" data-element_type=\"widget\" data-e-type=\"widget\" data-widget_type=\"heading.default\">\n\t\t\t\t\t<h3 class=\"elementor-heading-title elementor-size-default\">A alianza entre La Voz de Galicia e Netex pon ao alcance do teu colexio unha proposta h\u00edbrida, inclusiva e transformadora.\n<\/h3>\t\t\t\t<\/div>\n\t\t\t\t<\/div>\n\t\t<div class=\"elementor-element elementor-element-1c09545 e-con-full e-flex e-con e-child\" data-id=\"1c09545\" data-element_type=\"container\" data-e-type=\"container\">\n\t\t\t\t<div class=\"elementor-element elementor-element-49f3ca8 elementor-position-top elementor-widget elementor-widget-image-box\" data-id=\"49f3ca8\" data-element_type=\"widget\" data-e-type=\"widget\" data-widget_type=\"image-box.default\">\n\t\t\t\t\t<div class=\"elementor-image-box-wrapper\"><figure class=\"elementor-image-box-img\"><img loading=\"lazy\" decoding=\"async\" width=\"274\" height=\"42\" src=\"https:\/\/sarelaeditorial.com\/wp-content\/uploads\/2026\/02\/logo-la-voz-de-galicia.png\" class=\"attachment-full size-full wp-image-201\" alt=\"\" \/><\/figure><div class=\"elementor-image-box-content\"><p class=\"elementor-image-box-title\">La Voz de Galicia<\/p><p class=\"elementor-image-box-description\">Grupo de comunicaci\u00f3n con m\u00e1is de 140 anos de historia e 40 de estreita colaboraci\u00f3n co profesorado. Achega lexitimidade, proximidade coa escola e unha s\u00f3lida traxectoria na produci\u00f3n de contidos educativos impresos.<\/p><\/div><\/div>\t\t\t\t<\/div>\n\t\t\t\t<\/div>\n\t\t<div class=\"elementor-element elementor-element-91dba05 e-con-full elementor-hidden-mobile e-flex e-con e-child\" data-id=\"91dba05\" data-element_type=\"container\" data-e-type=\"container\">\n\t\t<div class=\"elementor-element elementor-element-b5085f2 e-con-full elementor-hidden-mobile e-flex e-con e-child\" data-id=\"b5085f2\" data-element_type=\"container\" data-e-type=\"container\">\n\t\t\t\t<\/div>\n\t\t\t\t<\/div>\n\t\t<div class=\"elementor-element elementor-element-dc27933 e-con-full e-flex e-con e-child\" data-id=\"dc27933\" data-element_type=\"container\" data-e-type=\"container\">\n\t\t\t\t<div class=\"elementor-element elementor-element-1b7db1c elementor-position-top elementor-widget elementor-widget-image-box\" data-id=\"1b7db1c\" data-element_type=\"widget\" data-e-type=\"widget\" data-widget_type=\"image-box.default\">\n\t\t\t\t\t<div class=\"elementor-image-box-wrapper\"><figure class=\"elementor-image-box-img\"><img loading=\"lazy\" decoding=\"async\" width=\"156\" height=\"43\" src=\"https:\/\/sarelaeditorial.com\/wp-content\/uploads\/2026\/02\/logo-netex.svg\" class=\"attachment-full size-full wp-image-202\" alt=\"\" \/><\/figure><div class=\"elementor-image-box-content\"><p class=\"elementor-image-box-title\">Netex Learning<\/p><p class=\"elementor-image-box-description\">Empresa tecnol\u00f3xica con presenza internacional e m\u00e1is de 25 anos liderando soluci\u00f3ns de formaci\u00f3n dixital. Achega innovaci\u00f3n, escalabilidade e unha visi\u00f3n pedag\u00f3xica centrada na aprendizaxe continua.\n<\/p><\/div><\/div>\t\t\t\t<\/div>\n\t\t\t\t<\/div>\n\t\t\t\t\t<\/div>\n\t\t\t\t<\/div>\n\t\t<div class=\"elementor-element elementor-element-e8ddf66 e-flex e-con-boxed e-con e-parent\" data-id=\"e8ddf66\" data-element_type=\"container\" data-e-type=\"container\" data-settings=\"{&quot;background_background&quot;:&quot;classic&quot;}\">\n\t\t\t\t\t<div class=\"e-con-inner\">\n\t\t\t\t<div class=\"elementor-element elementor-element-5199056 elementor-widget elementor-widget-hubspot-form\" data-id=\"5199056\" data-element_type=\"widget\" data-e-type=\"widget\" data-widget_type=\"hubspot-form.default\">\n\t\t\t\t<div class=\"elementor-widget-container\">\n\t\t\t\t\t\n\t\t\t<div\n\t\t\tclass=\"hs-form-frame\"\n\t\t\tdata-region=\"na1\"\n\t\t\tdata-form-id=\"a9e2d1e5-5e00-47c3-b4bc-b644d52b01f0\"\n\t\t\tdata-portal-id=\"3840512\"\n\t\t\t >\n\t\t\t<\/div>\n\t\t\t\t\t\t\t<\/div>\n\t\t\t\t<\/div>\n\t\t\t\t\t<\/div>\n\t\t\t\t<\/div>\n\t\t\t\t<\/div>\n\t\t","protected":false},"excerpt":{"rendered":"<p>Proxecto educativo desenvolvido por La Voz de Galicia e Netex, que combina material impreso e recursos dixitais para transformar o ensino en Primaria e ESO.<\/p>\n","protected":false},"author":1,"featured_media":333,"parent":0,"menu_order":0,"comment_status":"open","ping_status":"closed","template":"elementor_header_footer","meta":{"content-type":"","inline_featured_image":false,"footnotes":""},"class_list":["post-180","page","type-page","status-publish","has-post-thumbnail","hentry"],"yoast_head":"<!-- This site is optimized with the Yoast SEO plugin v27.5 - https:\/\/yoast.com\/product\/yoast-seo-wordpress\/ -->\n<title>Sarela Editorial<\/title>\n<meta name=\"description\" content=\"Proxecto educativo desenvolvido por La Voz de Galicia e Netex, que combina material impreso e recursos dixitais para transformar o ensino en Primaria e ESO.\" \/>\n<meta name=\"robots\" content=\"index, follow, max-snippet:-1, max-image-preview:large, max-video-preview:-1\" \/>\n<link rel=\"canonical\" href=\"https:\/\/sarelaeditorial.com\/\" \/>\n<meta property=\"og:locale\" content=\"gl_ES\" \/>\n<meta property=\"og:type\" content=\"article\" \/>\n<meta property=\"og:title\" content=\"Sarela Editorial\" \/>\n<meta property=\"og:description\" content=\"Proxecto educativo desenvolvido por La Voz de Galicia e Netex, que combina material impreso e recursos dixitais para transformar o ensino en Primaria e ESO.\" \/>\n<meta property=\"og:url\" content=\"https:\/\/sarelaeditorial.com\/\" \/>\n<meta property=\"og:site_name\" content=\"Sarela Editorial\" \/>\n<meta property=\"article:modified_time\" content=\"2026-03-09T10:02:42+00:00\" \/>\n<meta property=\"og:image\" content=\"https:\/\/sarelaeditorial.com\/wp-content\/uploads\/2026\/02\/sarela.featured-image-galego.png\" \/>\n\t<meta property=\"og:image:width\" content=\"1200\" \/>\n\t<meta property=\"og:image:height\" content=\"632\" \/>\n\t<meta property=\"og:image:type\" content=\"image\/png\" \/>\n<meta name=\"twitter:card\" content=\"summary_large_image\" \/>\n<script type=\"application\/ld+json\" class=\"yoast-schema-graph\">{\"@context\":\"https:\\\/\\\/schema.org\",\"@graph\":[{\"@type\":\"WebPage\",\"@id\":\"https:\\\/\\\/sarelaeditorial.com\\\/\",\"url\":\"https:\\\/\\\/sarelaeditorial.com\\\/\",\"name\":\"Sarela Editorial\",\"isPartOf\":{\"@id\":\"https:\\\/\\\/sarelaeditorial.com\\\/#website\"},\"primaryImageOfPage\":{\"@id\":\"https:\\\/\\\/sarelaeditorial.com\\\/#primaryimage\"},\"image\":{\"@id\":\"https:\\\/\\\/sarelaeditorial.com\\\/#primaryimage\"},\"thumbnailUrl\":\"https:\\\/\\\/sarelaeditorial.com\\\/wp-content\\\/uploads\\\/2026\\\/02\\\/sarela.featured-image-galego.png\",\"datePublished\":\"2026-02-10T12:08:29+00:00\",\"dateModified\":\"2026-03-09T10:02:42+00:00\",\"description\":\"Proxecto educativo desenvolvido por La Voz de Galicia e Netex, que combina material impreso e recursos dixitais para transformar o ensino en Primaria e ESO.\",\"breadcrumb\":{\"@id\":\"https:\\\/\\\/sarelaeditorial.com\\\/#breadcrumb\"},\"inLanguage\":\"gl-ES\",\"potentialAction\":[{\"@type\":\"ReadAction\",\"target\":[\"https:\\\/\\\/sarelaeditorial.com\\\/\"]}]},{\"@type\":\"ImageObject\",\"inLanguage\":\"gl-ES\",\"@id\":\"https:\\\/\\\/sarelaeditorial.com\\\/#primaryimage\",\"url\":\"https:\\\/\\\/sarelaeditorial.com\\\/wp-content\\\/uploads\\\/2026\\\/02\\\/sarela.featured-image-galego.png\",\"contentUrl\":\"https:\\\/\\\/sarelaeditorial.com\\\/wp-content\\\/uploads\\\/2026\\\/02\\\/sarela.featured-image-galego.png\",\"width\":1200,\"height\":632},{\"@type\":\"BreadcrumbList\",\"@id\":\"https:\\\/\\\/sarelaeditorial.com\\\/#breadcrumb\",\"itemListElement\":[{\"@type\":\"ListItem\",\"position\":1,\"name\":\"Portada\",\"item\":\"https:\\\/\\\/sarelaeditorial.com\\\/\"},{\"@type\":\"ListItem\",\"position\":2,\"name\":\"Sarela Editorial\"}]},{\"@type\":\"WebSite\",\"@id\":\"https:\\\/\\\/sarelaeditorial.com\\\/#website\",\"url\":\"https:\\\/\\\/sarelaeditorial.com\\\/\",\"name\":\"Sarela Editorial\",\"description\":\"Un proyecto que une papel y tecnolog\u00eda para dar voz a la escuela.\",\"publisher\":{\"@id\":\"https:\\\/\\\/sarelaeditorial.com\\\/#organization\"},\"potentialAction\":[{\"@type\":\"SearchAction\",\"target\":{\"@type\":\"EntryPoint\",\"urlTemplate\":\"https:\\\/\\\/sarelaeditorial.com\\\/?s={search_term_string}\"},\"query-input\":{\"@type\":\"PropertyValueSpecification\",\"valueRequired\":true,\"valueName\":\"search_term_string\"}}],\"inLanguage\":\"gl-ES\"},{\"@type\":\"Organization\",\"@id\":\"https:\\\/\\\/sarelaeditorial.com\\\/#organization\",\"name\":\"Sarela Editorial\",\"url\":\"https:\\\/\\\/sarelaeditorial.com\\\/\",\"logo\":{\"@type\":\"ImageObject\",\"inLanguage\":\"gl-ES\",\"@id\":\"https:\\\/\\\/sarelaeditorial.com\\\/#\\\/schema\\\/logo\\\/image\\\/\",\"url\":\"https:\\\/\\\/sarelaeditorial.com\\\/wp-content\\\/uploads\\\/2026\\\/02\\\/Sarela-Editorial-logo-color.svg\",\"contentUrl\":\"https:\\\/\\\/sarelaeditorial.com\\\/wp-content\\\/uploads\\\/2026\\\/02\\\/Sarela-Editorial-logo-color.svg\",\"width\":945,\"height\":322,\"caption\":\"Sarela Editorial\"},\"image\":{\"@id\":\"https:\\\/\\\/sarelaeditorial.com\\\/#\\\/schema\\\/logo\\\/image\\\/\"},\"sameAs\":[\"https:\\\/\\\/www.linkedin.com\\\/company\\\/sarela-editorial\\\/\"]}]}<\/script>\n<!-- \/ Yoast SEO plugin. -->","yoast_head_json":{"title":"Sarela Editorial","description":"Proxecto educativo desenvolvido por La Voz de Galicia e Netex, que combina material impreso e recursos dixitais para transformar o ensino en Primaria e ESO.","robots":{"index":"index","follow":"follow","max-snippet":"max-snippet:-1","max-image-preview":"max-image-preview:large","max-video-preview":"max-video-preview:-1"},"canonical":"https:\/\/sarelaeditorial.com\/","og_locale":"gl_ES","og_type":"article","og_title":"Sarela Editorial","og_description":"Proxecto educativo desenvolvido por La Voz de Galicia e Netex, que combina material impreso e recursos dixitais para transformar o ensino en Primaria e ESO.","og_url":"https:\/\/sarelaeditorial.com\/","og_site_name":"Sarela Editorial","article_modified_time":"2026-03-09T10:02:42+00:00","og_image":[{"width":1200,"height":632,"url":"https:\/\/sarelaeditorial.com\/wp-content\/uploads\/2026\/02\/sarela.featured-image-galego.png","type":"image\/png"}],"twitter_card":"summary_large_image","schema":{"@context":"https:\/\/schema.org","@graph":[{"@type":"WebPage","@id":"https:\/\/sarelaeditorial.com\/","url":"https:\/\/sarelaeditorial.com\/","name":"Sarela Editorial","isPartOf":{"@id":"https:\/\/sarelaeditorial.com\/#website"},"primaryImageOfPage":{"@id":"https:\/\/sarelaeditorial.com\/#primaryimage"},"image":{"@id":"https:\/\/sarelaeditorial.com\/#primaryimage"},"thumbnailUrl":"https:\/\/sarelaeditorial.com\/wp-content\/uploads\/2026\/02\/sarela.featured-image-galego.png","datePublished":"2026-02-10T12:08:29+00:00","dateModified":"2026-03-09T10:02:42+00:00","description":"Proxecto educativo desenvolvido por La Voz de Galicia e Netex, que combina material impreso e recursos dixitais para transformar o ensino en Primaria e ESO.","breadcrumb":{"@id":"https:\/\/sarelaeditorial.com\/#breadcrumb"},"inLanguage":"gl-ES","potentialAction":[{"@type":"ReadAction","target":["https:\/\/sarelaeditorial.com\/"]}]},{"@type":"ImageObject","inLanguage":"gl-ES","@id":"https:\/\/sarelaeditorial.com\/#primaryimage","url":"https:\/\/sarelaeditorial.com\/wp-content\/uploads\/2026\/02\/sarela.featured-image-galego.png","contentUrl":"https:\/\/sarelaeditorial.com\/wp-content\/uploads\/2026\/02\/sarela.featured-image-galego.png","width":1200,"height":632},{"@type":"BreadcrumbList","@id":"https:\/\/sarelaeditorial.com\/#breadcrumb","itemListElement":[{"@type":"ListItem","position":1,"name":"Portada","item":"https:\/\/sarelaeditorial.com\/"},{"@type":"ListItem","position":2,"name":"Sarela Editorial"}]},{"@type":"WebSite","@id":"https:\/\/sarelaeditorial.com\/#website","url":"https:\/\/sarelaeditorial.com\/","name":"Sarela Editorial","description":"Un proyecto que une papel y tecnolog\u00eda para dar voz a la escuela.","publisher":{"@id":"https:\/\/sarelaeditorial.com\/#organization"},"potentialAction":[{"@type":"SearchAction","target":{"@type":"EntryPoint","urlTemplate":"https:\/\/sarelaeditorial.com\/?s={search_term_string}"},"query-input":{"@type":"PropertyValueSpecification","valueRequired":true,"valueName":"search_term_string"}}],"inLanguage":"gl-ES"},{"@type":"Organization","@id":"https:\/\/sarelaeditorial.com\/#organization","name":"Sarela Editorial","url":"https:\/\/sarelaeditorial.com\/","logo":{"@type":"ImageObject","inLanguage":"gl-ES","@id":"https:\/\/sarelaeditorial.com\/#\/schema\/logo\/image\/","url":"https:\/\/sarelaeditorial.com\/wp-content\/uploads\/2026\/02\/Sarela-Editorial-logo-color.svg","contentUrl":"https:\/\/sarelaeditorial.com\/wp-content\/uploads\/2026\/02\/Sarela-Editorial-logo-color.svg","width":945,"height":322,"caption":"Sarela Editorial"},"image":{"@id":"https:\/\/sarelaeditorial.com\/#\/schema\/logo\/image\/"},"sameAs":["https:\/\/www.linkedin.com\/company\/sarela-editorial\/"]}]}},"_links":{"self":[{"href":"https:\/\/sarelaeditorial.com\/gl\/wp-json\/wp\/v2\/pages\/180","targetHints":{"allow":["GET"]}}],"collection":[{"href":"https:\/\/sarelaeditorial.com\/gl\/wp-json\/wp\/v2\/pages"}],"about":[{"href":"https:\/\/sarelaeditorial.com\/gl\/wp-json\/wp\/v2\/types\/page"}],"author":[{"embeddable":true,"href":"https:\/\/sarelaeditorial.com\/gl\/wp-json\/wp\/v2\/users\/1"}],"replies":[{"embeddable":true,"href":"https:\/\/sarelaeditorial.com\/gl\/wp-json\/wp\/v2\/comments?post=180"}],"version-history":[{"count":73,"href":"https:\/\/sarelaeditorial.com\/gl\/wp-json\/wp\/v2\/pages\/180\/revisions"}],"predecessor-version":[{"id":522,"href":"https:\/\/sarelaeditorial.com\/gl\/wp-json\/wp\/v2\/pages\/180\/revisions\/522"}],"wp:featuredmedia":[{"embeddable":true,"href":"https:\/\/sarelaeditorial.com\/gl\/wp-json\/wp\/v2\/media\/333"}],"wp:attachment":[{"href":"https:\/\/sarelaeditorial.com\/gl\/wp-json\/wp\/v2\/media?parent=180"}],"curies":[{"name":"wp","href":"https:\/\/api.w.org\/{rel}","templated":true}]}}