{"id":234,"date":"2026-02-12T11:11:08","date_gmt":"2026-02-12T10:11:08","guid":{"rendered":"https:\/\/sarelaeditorial.com\/aviso-legal\/"},"modified":"2026-03-03T20:46:04","modified_gmt":"2026-03-03T19:46:04","slug":"aviso-legal","status":"publish","type":"page","link":"https:\/\/sarelaeditorial.com\/gl\/aviso-legal\/","title":{"rendered":"Aviso Legal"},"content":{"rendered":"\t\t<div data-elementor-type=\"wp-page\" data-elementor-id=\"234\" class=\"elementor elementor-234 elementor-136\" data-elementor-post-type=\"page\">\n\t\t\t\t<div class=\"elementor-element elementor-element-61437437 e-flex e-con-boxed e-con e-parent\" data-id=\"61437437\" data-element_type=\"container\" data-e-type=\"container\">\n\t\t\t\t\t<div class=\"e-con-inner\">\n\t\t\t\t<div class=\"elementor-element elementor-element-98ef1a2 elementor-widget elementor-widget-heading\" data-id=\"98ef1a2\" data-element_type=\"widget\" data-e-type=\"widget\" data-widget_type=\"heading.default\">\n\t\t\t\t\t<h1 class=\"elementor-heading-title elementor-size-default\">Aviso Legal<\/h1>\t\t\t\t<\/div>\n\t\t\t\t<div class=\"elementor-element elementor-element-2f76c0e8 elementor-widget elementor-widget-text-editor\" data-id=\"2f76c0e8\" data-element_type=\"widget\" data-e-type=\"widget\" data-widget_type=\"text-editor.default\">\n\t\t\t\t\t\t\t\t\t<p>Estes termos e condici\u00f3ns rexen o uso permitido do sitio web <strong>www.sarelalearning.com<\/strong> , que pon a disposici\u00f3n dos usuarios de internet <strong>SMARTED SOLUCIONES EDUCATIVAS, SOCIEDAD LIMITADA<\/strong>, con domicilio social na r\u00faa \u00cdcaro, n\u00ba 44, Oleiros, A Coru\u00f1a, Espa\u00f1a, e n\u00famero de identificaci\u00f3n fiscal <strong>B22548747<\/strong>. Os usuarios poden presentar as s\u00faas solicitudes, preguntas e queixas a trav\u00e9s das seguintes canles:<\/p>\n<p><strong>Enderezo postal:<\/strong><br>R\u00faa \u00cdcaro n\u00fam. 44 15172 Oleiros (A Coru\u00f1a, Espa\u00f1a)<br>Tel\u00e9fono: (+34) 981 634 067 | Fax: (+34) 981 634 069<br>Correo electr\u00f3nico: <a href=\"&#x6d;&#x61;&#x69;&#x6c;&#x74;&#111;&#58;&#101;&#113;uip&#x6f;&#x6c;&#x65;&#x67;&#x61;&#x6c;&#64;&#115;&#97;rel&#x61;&#x6c;&#x65;&#x61;&#x72;&#x6e;&#105;&#110;&#103;&#46;com\">&#101;&#x71;&#x75;i&#112;&#x6f;&#x6c;e&#103;&#x61;l&#64;&#x73;&#x61;r&#101;&#x6c;a&#108;&#x65;&#x61;r&#110;&#x69;&#x6e;&#103;&#x2e;&#x63;o&#109;<\/a><\/p>\n<p>Os dereitos de propiedade intelectual do sitio web www.sarelalearning.com , o seu c\u00f3digo fonte, dese\u00f1o, estrutura de navegaci\u00f3n, bases de datos e os distintos elementos contidos nel son titularidade de SMARTED SOLUCIONES EDUCATIVAS, SOCIEDAD LIMITADA, que ostenta o dereito exclusivo de explotaci\u00f3n dos mesmos en calquera forma e, en especial, os dereitos de reproduci\u00f3n, distribuci\u00f3n, comunicaci\u00f3n p\u00fablica e transformaci\u00f3n.<\/p>\n<p>Estas condici\u00f3ns xerais regulan o acceso e o uso do sitio web <strong>www.sarelalearning.com<\/strong> (en diante, &#8220;o Sitio Web&#8221;) que <strong>SMARTED SOLUCIONES EDUCATIVAS, SOCIEDAD LIMITADA<\/strong> pon a disposici\u00f3n dos seus clientes de Internet de forma gratu\u00edta, sen prexu\u00edzo das condici\u00f3ns especiais de subscrici\u00f3n ou venda de determinados contidos do Sitio Web.<\/p>\n<p>A visualizaci\u00f3n, impresi\u00f3n e descarga parcial do contido da web s\u00f3 e exclusivamente est\u00e1 autorizada se se cumpren as seguintes condici\u00f3ns:<\/p>\n<ol>\n<li>Que sexa compatible cos fins da Web.<\/li>\n<li>Esta informaci\u00f3n est\u00e1 destinada unicamente para uso persoal e privado. Queda expresamente prohibido o seu uso con fins comerciais ou para a s\u00faa distribuci\u00f3n, comunicaci\u00f3n p\u00fablica, transformaci\u00f3n ou descompilaci\u00f3n.<\/li>\n<li>Non se debe modificar de ning\u00fan xeito ning\u00fan contido relacionado na web.<\/li>\n<li>Ning\u00fan gr\u00e1fico, icona ou imaxe dispo\u00f1ible na web pode ser usado, copiado ou distribu\u00eddo separadamente do texto ou outras imaxes que o acompa\u00f1an.<\/li>\n<li>SMARTED EDUCATIONAL SOLUTIONS, LIMITED COMPANY res\u00e9rvase o dereito de realizar, en calquera momento e sen previo aviso, modificaci\u00f3ns e actualizaci\u00f3ns da informaci\u00f3n contida no sitio web, da s\u00faa configuraci\u00f3n e presentaci\u00f3n e das condici\u00f3ns de acceso.<\/li>\n<\/ol>\n<p><strong>SMARTED SOLUCIONES EDUCATIVAS, SOCIEDAD LIMITADA<\/strong> non garante a inexistencia de interrupci\u00f3ns ou erros no acceso \u00e1 Web ou aos seus contidos, nin que estes se atopen actualizados. SMARTED SOLUCIONES EDUCATIVAS, SOCIEDADE LIMITADA levar\u00e1 a cabo, sempre que non concorran causas que o fagan imposible ou de dif\u00edcil execuci\u00f3n, e tan pronto te\u00f1a co\u00f1ecemento dos erros, desconexi\u00f3ns ou falta de actualizaci\u00f3n dos contidos, cantas actuaci\u00f3ns sexan necesarias para corrixir os erros, restablecer a comunicaci\u00f3n e actualizar os contidos.<\/p>\n<p>O acceso a este sitio web e calquera uso non autorizado da informaci\u00f3n contida nel \u00e9 responsabilidade exclusiva do usuario. <strong>SMARTED SOLUCIONES EDUCATIVAS, SOCIEDAD LIMITADA<\/strong> non ser\u00e1 responsable de ningunha consecuencia, dano ou perda que poida derivarse de dito acceso ou uso. <strong>SMARTED SOLUCIONES EDUCATIVAS, SOCIEDAD LIMITADA<\/strong> non se responsabiliza das violaci\u00f3ns de seguridade que poidan producirse, nin dos danos que poidan causarse ao sistema inform\u00e1tico do usuario (hardware e software), ou aos ficheiros ou documentos almacenados nel, como consecuencia de:<\/p>\n<ol>\n<li>A presenza dun virus no ordenador do usuario empregado para conectarse aos servizos e contidos da Web,<\/li>\n<li>Un mal funcionamento do navegador,<\/li>\n<li>Do uso de versi\u00f3ns non actualizadas do mesmo.<\/li>\n<\/ol>\n<p><strong>SMARTED SOLUCIONES EDUCATIVAS, SOCIEDAD LIMITADA<\/strong> non asume responsabilidade ningunha derivada dos contidos enlazados desde a Web, sempre que sexan alleos a ela, nin garante a ausencia de virus ou outros elementos neles que poidan producir alteraci\u00f3ns no sistema inform\u00e1tico (hardware e software), nos documentos ou nos ficheiros do usuario, exclu\u00edndo calquera responsabilidade polos danos de calquera clase causados ao usuario por este motivo..<\/p>\n<p>No caso de que calquera usuario, cliente ou terceiro considere que os contidos ou servizos prestados en <strong>www.sarelalearning.com<\/strong> ou as p\u00e1xinas \u00e1s que enlaza son ilegais ou infrinxen os dereitos ou a propiedade do usuario, cliente ou terceiro e son susceptibles de indemnizaci\u00f3n, e, en particular, consisten en:<\/p>\n<ol>\n<li>Actividades ou contidos que poidan ser considerados delitos penais segundo a lexislaci\u00f3n penal espa\u00f1ola.<\/li>\n<li>Actividades ou contidos que infrinxan dereitos de propiedade intelectual ou industrial.<\/li>\n<li>Actividades ou contidos que po\u00f1an en perigo a orde p\u00fablica, a investigaci\u00f3n criminal, a seguridade p\u00fablica e a defensa nacional.<\/li>\n<li>Actividades ou contidos que po\u00f1an en perigo a protecci\u00f3n da sa\u00fade p\u00fablica, o respecto \u00e1 dignidade humana e o principio de non discriminaci\u00f3n, as\u00ed como a protecci\u00f3n da sa\u00fade e da infancia.<\/li>\n<li>Debes enviar un correo electr\u00f3nico a &#x65;&#113;u&#x69;&#x70;&#111;l&#x65;&#x67;&#97;l&#x40;&#115;a&#x72;&#x65;&#108;a&#x6c;&#x65;&#97;r&#x6e;&#105;&#110;&#x67;&#x2e;&#99;o&#x6d; explicando a situaci\u00f3n que consideras delitiva, lesiva de dereitos ou contraria a intereses legais protexidos, a localizaci\u00f3n espec\u00edfica dese contido, un nome e un enderezo de correo electr\u00f3nico para que poidamos contactar contigo e unha declaraci\u00f3n de que act\u00faas de boa fe.<\/li>\n<\/ol>\n<p>SMARTED EDUCATIONAL SOLUTIONS, LIMITED COMPANY \u00e9 titular dos dereitos de propiedade industrial relacionados cos seus produtos e servizos, e especificamente os relacionados co nome comercial SMARTED EDUCATIONAL SOLUTIONS, LIMITED COMPANY. En canto \u00e1s referencias a produtos, contidos e servizos de terceiros e colaboradores, SMARTED EDUCATIONAL SOLUTIONS, LIMITED COMPANY reco\u00f1ece os correspondentes dereitos de propiedade industrial e intelectual a favor dos seus titulares. A s\u00faa mera menci\u00f3n ou aparici\u00f3n no sitio web non implica a existencia de dereitos ou responsabilidade algunha por parte de SMARTED EDUCATIONAL SOLUTIONS, LIMITED COMPANY , nin tampouco respaldo, patrocinio ou recomendaci\u00f3n por parte de SMARTED EDUCATIONAL SOLUTIONS, LIMITED COMPANY , ag\u00e1s que se indique expresamente o contrario.<\/p>\n<p>O uso non autorizado da informaci\u00f3n contida no sitio web, a s\u00faa revenda, as\u00ed como a lesi\u00f3n dos dereitos de propiedade intelectual ou industrial de <strong>SMARTED SOLUCIONES EDUCATIVAS, SOCIEDAD LIMITADA<\/strong> dar\u00e1 lugar \u00e1s responsabilidades legalmente establecidas.<\/p>\n<p>As Condici\u00f3ns Xerais que se recollen neste documento r\u00e9xense pola lexislaci\u00f3n espa\u00f1ola. <strong>SMARTED SOLUCIONES EDUCATIVAS, SOCIEDAD LIMITADA<\/strong> , os visitantes deste sitio web, e calquera persoa ou empresa que utilice ou contrate calquera servizo prestado nel, con renuncia expresa a calquera outro foro que lles puidese corresponder, sen prexu\u00edzo do foro que resulte por ministerio da lei, som\u00e9tense \u00e1 xurisdici\u00f3n dos Xulgados da cidade da Coru\u00f1a, para a resoluci\u00f3n de calquera cuesti\u00f3n que poida xurdir sobre a interpretaci\u00f3n, aplicaci\u00f3n e cumprimento destas condici\u00f3ns, as\u00ed como de calquera reclamaci\u00f3n que poida derivarse do seu uso.<\/p>\t\t\t\t\t\t\t\t<\/div>\n\t\t\t\t\t<\/div>\n\t\t\t\t<\/div>\n\t\t\t\t<\/div>\n\t\t","protected":false},"excerpt":{"rendered":"<p>Estes termos e condici\u00f3ns rexen o uso permitido do sitio web www.sarelalearning.com , que pon a disposici\u00f3n dos usuarios de internet SMARTED SOLUCIONES EDUCATIVAS, SOCIEDAD LIMITADA, con domicilio social na r\u00faa \u00cdcaro, n\u00ba 44, Oleiros, A Coru\u00f1a, Espa\u00f1a, e n\u00famero de identificaci\u00f3n fiscal B22548747. Os usuarios poden presentar as s\u00faas solicitudes, preguntas e queixas a [&hellip;]<\/p>\n","protected":false},"author":1,"featured_media":0,"parent":0,"menu_order":0,"comment_status":"closed","ping_status":"closed","template":"elementor_theme","meta":{"content-type":"","inline_featured_image":false,"footnotes":""},"class_list":["post-234","page","type-page","status-publish","hentry"],"yoast_head":"<!-- This site is optimized with the Yoast SEO plugin v27.5 - https:\/\/yoast.com\/product\/yoast-seo-wordpress\/ -->\n<title>Aviso Legal - Sarela Editorial<\/title>\n<meta name=\"robots\" content=\"index, follow, max-snippet:-1, max-image-preview:large, max-video-preview:-1\" \/>\n<link rel=\"canonical\" href=\"https:\/\/sarelaeditorial.com\/gl\/aviso-legal\/\" \/>\n<meta property=\"og:locale\" content=\"gl_ES\" \/>\n<meta property=\"og:type\" content=\"article\" \/>\n<meta property=\"og:title\" content=\"Aviso Legal - Sarela Editorial\" \/>\n<meta property=\"og:description\" content=\"Estes termos e condici\u00f3ns rexen o uso permitido do sitio web www.sarelalearning.com , que pon a disposici\u00f3n dos usuarios de internet SMARTED SOLUCIONES EDUCATIVAS, SOCIEDAD LIMITADA, con domicilio social na r\u00faa \u00cdcaro, n\u00ba 44, Oleiros, A Coru\u00f1a, Espa\u00f1a, e n\u00famero de identificaci\u00f3n fiscal B22548747. Os usuarios poden presentar as s\u00faas solicitudes, preguntas e queixas a [&hellip;]\" \/>\n<meta property=\"og:url\" content=\"https:\/\/sarelaeditorial.com\/gl\/aviso-legal\/\" \/>\n<meta property=\"og:site_name\" content=\"Sarela Editorial\" \/>\n<meta property=\"article:modified_time\" content=\"2026-03-03T19:46:04+00:00\" \/>\n<meta name=\"twitter:card\" content=\"summary_large_image\" \/>\n<meta name=\"twitter:label1\" content=\"Tempo de lectura\" \/>\n\t<meta name=\"twitter:data1\" content=\"6 minutos\" \/>\n<script type=\"application\/ld+json\" class=\"yoast-schema-graph\">{\"@context\":\"https:\\\/\\\/schema.org\",\"@graph\":[{\"@type\":\"WebPage\",\"@id\":\"https:\\\/\\\/sarelaeditorial.com\\\/gl\\\/aviso-legal\\\/\",\"url\":\"https:\\\/\\\/sarelaeditorial.com\\\/gl\\\/aviso-legal\\\/\",\"name\":\"Aviso Legal - Sarela Editorial\",\"isPartOf\":{\"@id\":\"https:\\\/\\\/sarelaeditorial.com\\\/#website\"},\"datePublished\":\"2026-02-12T10:11:08+00:00\",\"dateModified\":\"2026-03-03T19:46:04+00:00\",\"breadcrumb\":{\"@id\":\"https:\\\/\\\/sarelaeditorial.com\\\/gl\\\/aviso-legal\\\/#breadcrumb\"},\"inLanguage\":\"gl-ES\",\"potentialAction\":[{\"@type\":\"ReadAction\",\"target\":[\"https:\\\/\\\/sarelaeditorial.com\\\/gl\\\/aviso-legal\\\/\"]}]},{\"@type\":\"BreadcrumbList\",\"@id\":\"https:\\\/\\\/sarelaeditorial.com\\\/gl\\\/aviso-legal\\\/#breadcrumb\",\"itemListElement\":[{\"@type\":\"ListItem\",\"position\":1,\"name\":\"Portada\",\"item\":\"https:\\\/\\\/sarelaeditorial.com\\\/\"},{\"@type\":\"ListItem\",\"position\":2,\"name\":\"Aviso Legal\"}]},{\"@type\":\"WebSite\",\"@id\":\"https:\\\/\\\/sarelaeditorial.com\\\/#website\",\"url\":\"https:\\\/\\\/sarelaeditorial.com\\\/\",\"name\":\"Sarela Editorial\",\"description\":\"Un proyecto que une papel y tecnolog\u00eda para dar voz a la escuela.\",\"publisher\":{\"@id\":\"https:\\\/\\\/sarelaeditorial.com\\\/#organization\"},\"potentialAction\":[{\"@type\":\"SearchAction\",\"target\":{\"@type\":\"EntryPoint\",\"urlTemplate\":\"https:\\\/\\\/sarelaeditorial.com\\\/?s={search_term_string}\"},\"query-input\":{\"@type\":\"PropertyValueSpecification\",\"valueRequired\":true,\"valueName\":\"search_term_string\"}}],\"inLanguage\":\"gl-ES\"},{\"@type\":\"Organization\",\"@id\":\"https:\\\/\\\/sarelaeditorial.com\\\/#organization\",\"name\":\"Sarela Editorial\",\"url\":\"https:\\\/\\\/sarelaeditorial.com\\\/\",\"logo\":{\"@type\":\"ImageObject\",\"inLanguage\":\"gl-ES\",\"@id\":\"https:\\\/\\\/sarelaeditorial.com\\\/#\\\/schema\\\/logo\\\/image\\\/\",\"url\":\"https:\\\/\\\/sarelaeditorial.com\\\/wp-content\\\/uploads\\\/2026\\\/02\\\/Sarela-Editorial-logo-color.svg\",\"contentUrl\":\"https:\\\/\\\/sarelaeditorial.com\\\/wp-content\\\/uploads\\\/2026\\\/02\\\/Sarela-Editorial-logo-color.svg\",\"width\":945,\"height\":322,\"caption\":\"Sarela Editorial\"},\"image\":{\"@id\":\"https:\\\/\\\/sarelaeditorial.com\\\/#\\\/schema\\\/logo\\\/image\\\/\"},\"sameAs\":[\"https:\\\/\\\/www.linkedin.com\\\/company\\\/sarela-editorial\\\/\"]}]}<\/script>\n<!-- \/ Yoast SEO plugin. -->","yoast_head_json":{"title":"Aviso Legal - Sarela Editorial","robots":{"index":"index","follow":"follow","max-snippet":"max-snippet:-1","max-image-preview":"max-image-preview:large","max-video-preview":"max-video-preview:-1"},"canonical":"https:\/\/sarelaeditorial.com\/gl\/aviso-legal\/","og_locale":"gl_ES","og_type":"article","og_title":"Aviso Legal - Sarela Editorial","og_description":"Estes termos e condici\u00f3ns rexen o uso permitido do sitio web www.sarelalearning.com , que pon a disposici\u00f3n dos usuarios de internet SMARTED SOLUCIONES EDUCATIVAS, SOCIEDAD LIMITADA, con domicilio social na r\u00faa \u00cdcaro, n\u00ba 44, Oleiros, A Coru\u00f1a, Espa\u00f1a, e n\u00famero de identificaci\u00f3n fiscal B22548747. Os usuarios poden presentar as s\u00faas solicitudes, preguntas e queixas a [&hellip;]","og_url":"https:\/\/sarelaeditorial.com\/gl\/aviso-legal\/","og_site_name":"Sarela Editorial","article_modified_time":"2026-03-03T19:46:04+00:00","twitter_card":"summary_large_image","twitter_misc":{"Tempo de lectura":"6 minutos"},"schema":{"@context":"https:\/\/schema.org","@graph":[{"@type":"WebPage","@id":"https:\/\/sarelaeditorial.com\/gl\/aviso-legal\/","url":"https:\/\/sarelaeditorial.com\/gl\/aviso-legal\/","name":"Aviso Legal - Sarela Editorial","isPartOf":{"@id":"https:\/\/sarelaeditorial.com\/#website"},"datePublished":"2026-02-12T10:11:08+00:00","dateModified":"2026-03-03T19:46:04+00:00","breadcrumb":{"@id":"https:\/\/sarelaeditorial.com\/gl\/aviso-legal\/#breadcrumb"},"inLanguage":"gl-ES","potentialAction":[{"@type":"ReadAction","target":["https:\/\/sarelaeditorial.com\/gl\/aviso-legal\/"]}]},{"@type":"BreadcrumbList","@id":"https:\/\/sarelaeditorial.com\/gl\/aviso-legal\/#breadcrumb","itemListElement":[{"@type":"ListItem","position":1,"name":"Portada","item":"https:\/\/sarelaeditorial.com\/"},{"@type":"ListItem","position":2,"name":"Aviso Legal"}]},{"@type":"WebSite","@id":"https:\/\/sarelaeditorial.com\/#website","url":"https:\/\/sarelaeditorial.com\/","name":"Sarela Editorial","description":"Un proyecto que une papel y tecnolog\u00eda para dar voz a la escuela.","publisher":{"@id":"https:\/\/sarelaeditorial.com\/#organization"},"potentialAction":[{"@type":"SearchAction","target":{"@type":"EntryPoint","urlTemplate":"https:\/\/sarelaeditorial.com\/?s={search_term_string}"},"query-input":{"@type":"PropertyValueSpecification","valueRequired":true,"valueName":"search_term_string"}}],"inLanguage":"gl-ES"},{"@type":"Organization","@id":"https:\/\/sarelaeditorial.com\/#organization","name":"Sarela Editorial","url":"https:\/\/sarelaeditorial.com\/","logo":{"@type":"ImageObject","inLanguage":"gl-ES","@id":"https:\/\/sarelaeditorial.com\/#\/schema\/logo\/image\/","url":"https:\/\/sarelaeditorial.com\/wp-content\/uploads\/2026\/02\/Sarela-Editorial-logo-color.svg","contentUrl":"https:\/\/sarelaeditorial.com\/wp-content\/uploads\/2026\/02\/Sarela-Editorial-logo-color.svg","width":945,"height":322,"caption":"Sarela Editorial"},"image":{"@id":"https:\/\/sarelaeditorial.com\/#\/schema\/logo\/image\/"},"sameAs":["https:\/\/www.linkedin.com\/company\/sarela-editorial\/"]}]}},"_links":{"self":[{"href":"https:\/\/sarelaeditorial.com\/gl\/wp-json\/wp\/v2\/pages\/234","targetHints":{"allow":["GET"]}}],"collection":[{"href":"https:\/\/sarelaeditorial.com\/gl\/wp-json\/wp\/v2\/pages"}],"about":[{"href":"https:\/\/sarelaeditorial.com\/gl\/wp-json\/wp\/v2\/types\/page"}],"author":[{"embeddable":true,"href":"https:\/\/sarelaeditorial.com\/gl\/wp-json\/wp\/v2\/users\/1"}],"replies":[{"embeddable":true,"href":"https:\/\/sarelaeditorial.com\/gl\/wp-json\/wp\/v2\/comments?post=234"}],"version-history":[{"count":13,"href":"https:\/\/sarelaeditorial.com\/gl\/wp-json\/wp\/v2\/pages\/234\/revisions"}],"predecessor-version":[{"id":490,"href":"https:\/\/sarelaeditorial.com\/gl\/wp-json\/wp\/v2\/pages\/234\/revisions\/490"}],"wp:attachment":[{"href":"https:\/\/sarelaeditorial.com\/gl\/wp-json\/wp\/v2\/media?parent=234"}],"curies":[{"name":"wp","href":"https:\/\/api.w.org\/{rel}","templated":true}]}}