{"id":312,"date":"2026-02-09T11:14:02","date_gmt":"2026-02-09T10:14:02","guid":{"rendered":"https:\/\/sarelaeditorial.com\/politica-privacidad\/"},"modified":"2026-03-03T20:51:05","modified_gmt":"2026-03-03T19:51:05","slug":"politica-privacidad","status":"publish","type":"page","link":"https:\/\/sarelaeditorial.com\/gl\/politica-privacidad\/","title":{"rendered":"Pol\u00edtica de privacidade"},"content":{"rendered":"\t\t<div data-elementor-type=\"wp-page\" data-elementor-id=\"312\" class=\"elementor elementor-312 elementor-3\" data-elementor-post-type=\"page\">\n\t\t\t\t<div class=\"elementor-element elementor-element-1a5efdb8 e-flex e-con-boxed e-con e-parent\" data-id=\"1a5efdb8\" data-element_type=\"container\" data-e-type=\"container\">\n\t\t\t\t\t<div class=\"e-con-inner\">\n\t\t\t\t<div class=\"elementor-element elementor-element-486de17 elementor-widget elementor-widget-heading\" data-id=\"486de17\" data-element_type=\"widget\" data-e-type=\"widget\" data-widget_type=\"heading.default\">\n\t\t\t\t\t<h1 class=\"elementor-heading-title elementor-size-default\">Pol\u00edtica de privacidade<\/h1>\t\t\t\t<\/div>\n\t\t\t\t<div class=\"elementor-element elementor-element-1ea8cefc elementor-widget elementor-widget-text-editor\" data-id=\"1ea8cefc\" data-element_type=\"widget\" data-e-type=\"widget\" data-widget_type=\"text-editor.default\">\n\t\t\t\t\t\t\t\t\t<p>Desde <strong>SMARTED SOLUCIONES EDUCATIVAS, SOCIEDAD LIMITADA<\/strong> entendemos que \u00e9 esencial manter unha relaci\u00f3n transparente contigo; por iso, a continuaci\u00f3n, present\u00e1mosche a nosa Pol\u00edtica de Privacidade, para que en todo momento esteas debidamente informado acerca de como recompilamos e tratamos de forma segura calquera dato que nos facilites.<\/p>\n<p>Os teus datos ser\u00e1n tratados de conformidade coa lexislaci\u00f3n vixente e, en concreto, de acordo co establecido no Regulamento (UE) 2016\/679, do 27 de abril de 2016 (RXPD), relativo \u00e1 protecci\u00f3n das persoas f\u00edsicas, e na Lei Org\u00e1nica 3\/2018, do 5 de decembro, de Protecci\u00f3n de Datos Persoais e garant\u00eda dos dereitos dixitais, no que respecta ao tratamento de datos persoais e \u00e1 libre circulaci\u00f3n destes datos. Igualmente, at\u00e9ndense as especificaci\u00f3ns regulamentarias contidas na Lei 34\/2002, de Servizos da Sociedade da Informaci\u00f3n.<\/p>\n<p>Unha lectura detida da nosa Pol\u00edtica de Privacidade achegarache a informaci\u00f3n que precisas para co\u00f1ecer que destino lles daremos aos datos que nos proporciones.<\/p>\n<h3 class=\"wp-block-heading\">1. QUEN \u00c9 O RESPONSABLE DO TRATAMENTO DOS TEUS DATOS?<\/h3>\n<p>Se ti, ou unha persoa autorizada, nos facilitaches os teus datos, <strong>SMARTED SOLUCIONES EDUCATIVAS, SOCIEDAD LIMITADA<\/strong>, somos o responsable do seu tratamento. Estes datos ser\u00e1n tratados de conformidade co disposto nas normativas vixentes sobre protecci\u00f3n de datos persoais, rese\u00f1adas anteriormente.<\/p>\n<p>\u00c9 posible que existan outros responsables nos tratamentos que realizamos; nese caso, sempre informaremos de quen \u00e9 o\/a responsable do tratamento, as\u00ed como dos seus datos identificativos.<\/p>\n<p><strong>SMARTED SOLUCIONES EDUCATIVAS, SOCIEDAD LIMITADA<\/strong> compromet\u00e9monos a cumprir a obriga de segredo dos datos de car\u00e1cter persoal e o deber de gardalos. Para iso, adoptamos as medidas necesarias para evitar a s\u00faa alteraci\u00f3n, perda, tratamento ou acceso non autorizado, de acordo co establecido no Regulamento.<\/p>\n<p><strong>SMARTED SOLUCIONES EDUCATIVAS, SOCIEDAD LIMITADA<\/strong> forma parte dun grupo integrado polas seguintes empresas, coas que podemos compartir os teus datos persoais e que levar\u00e1n a cabo un tratamento conxunto, informando previamente \u00e1 persoa interesada.<\/p>\n<ul class=\"wp-block-list\">\n<li>Netex Knowledge Factory S.A. Sociedade espa\u00f1ola con n\u00famero NIF A15595754<\/li>\n<li>Netex (UK) Limited, Sociedade brit\u00e1nica con n\u00famero VAT GB150 0648 44.<\/li>\n<li>Netex M\u00e9xico &#8211; Elearning Solutions Company S de RL de CV, Sociedade mexicana con c\u00e9dula de identificaci\u00f3n fiscal n\u00famero ESO120706418.<\/li>\n<li>Netex USA Corp., Sociedade estadounidense con n\u00famero de identificaci\u00f3n 86-1191130.<\/li>\n<li>Netex Brasil Servi\u00e7os Inform\u00e1ticos LTDA., Sociedade brasileira con n\u00famero de identificaci\u00f3n fiscal 41.287.647\/0001-23.<\/li>\n<li>Virtual College Limited, Sociedade brit\u00e1nica con n\u00famero VAT GB755296890.<\/li>\n<\/ul>\n<h3 class=\"wp-block-heading\">2. ONDE INFORMAMOS?<\/h3>\n<p><strong>SMARTED SOLUCIONES EDUCATIVAS, SOCIEDAD LIMITADA<\/strong>, a trav\u00e9s da p\u00e1xina web <strong>https:\/\/www.sarelalearning.com\/<\/strong> no apartado correspondente \u00e1 pol\u00edtica de privacidade. M\u00e1is informaci\u00f3n no noso <a href=\"https:\/\/sarelaeditorial.com\/aviso-legal\/\">Aviso legal<\/a>.<\/p>\n<h3 class=\"wp-block-heading\">3. QUE DATOS PERSOAIS TRATAMOS?<\/h3>\n<p>Os datos persoais que tratamos son:<\/p>\n<ul class=\"wp-block-list\">\n<li>Aqueles que ti decidas facilitarnos voluntariamente.<\/li>\n<li>Os datos derivados das comunicaci\u00f3ns que mante\u00f1as connosco.<\/li>\n<li>Os datos que consten no formulario da Canle Interna de Informaci\u00f3n.<\/li>\n<li>A informaci\u00f3n correspondente \u00e1 t\u00faa propia navegaci\u00f3n no caso de Servizos Online, enderezo IP ou informaci\u00f3n derivada de cookies ou dispositivos similares (podes ver a nosa Pol\u00edtica de Cookies na web).<\/li>\n<li>Aquela informaci\u00f3n que estea dispo\u00f1ible en fontes accesibles ao p\u00fablico, \u00e1 que lexitimamente poidamos acceder.<\/li>\n<li>Os datos que se deriven da relaci\u00f3n contractual ou precontractual que mante\u00f1as connosco, inclu\u00edda a t\u00faa imaxe, inform\u00e1ndote sempre neste caso da posibilidade de captar a t\u00faa imaxe.<\/li>\n<li>Os que terceiras persoas nos proporcionen sobre ti, existindo unha base lex\u00edtima para iso ou tendo obtido o teu consentimento para iso.<\/li>\n<li>Os datos de terceiros que ti nos facilites, previo o consentimento do terceiro en cuesti\u00f3n.<\/li>\n<\/ul>\n<h3 class=\"wp-block-heading\">4. COMO TRATAMOS OS DATOS?<\/h3>\n<p>En <strong>SMARTED SOLUCIONES EDUCATIVAS, SOCIEDAD LIMITADA<\/strong> tratamos os teus datos persoais sempre en estrito cumprimento da lexislaci\u00f3n vixente. Ademais, inform\u00e1moste de que contamos coas medidas t\u00e9cnicas e organizativas axeitadas para garantir un nivel \u00f3ptimo de seguridade, garantindo con iso que s\u00f3 acceder\u00e1n aquelas persoas que te\u00f1an autorizaci\u00f3n, que os manteremos \u00edntegros, evitando calquera perda intencionada ou accidental, e que reforzamos os sistemas e servizos de tratamento de datos.<\/p>\n<p>As operaci\u00f3ns, xesti\u00f3ns e procedementos t\u00e9cnicos que realizamos, de forma automatizada ou non automatizada, e que posibiliten a recollida, almacenamento, modificaci\u00f3n, transferencia e outras acci\u00f3ns sobre datos de car\u00e1cter persoal, te\u00f1en a consideraci\u00f3n de tratamento de datos persoais.<\/p>\n<h3 class=\"wp-block-heading\">5. COMO XESTIONAMOS AS COMUNICACI\u00d3NS ELECTR\u00d3NICAS?<\/h3>\n<p>No caso de recibir comunicaci\u00f3ns por estes medios (correos electr\u00f3nicos, mensaxes de resposta automatizada de formularios e outros sistemas de comunicaci\u00f3n), inform\u00e1moste de que as mensaxes se dirixen exclusivamente ao seu destinatario e poden conter informaci\u00f3n privilexiada ou confidencial. Se non es o destinatario indicado, quedas notificado de que a utilizaci\u00f3n, divulgaci\u00f3n e\/ou copia sen autorizaci\u00f3n est\u00e1 prohibida en virtude da lexislaci\u00f3n vixente.<\/p>\n<p>De conformidade co establecido na Lei 34\/2002, do 11 de xullo, de Servizos da Sociedade da Informaci\u00f3n e do Comercio Electr\u00f3nico, e na Directiva 2002\/58\/CE, comunic\u00e1mosche que, no suposto de que non desexes recibir comunicaci\u00f3ns e informaci\u00f3ns de \u00edndole comercial mediante este sistema de comunicaci\u00f3n electr\u00f3nica, has indic\u00e1rnolo por esta mesma v\u00eda, indicando no asunto \u00abBAIXA COMUNICACI\u00d3NS COMERCIAIS\u00bb, para que os teus datos persoais sexan dados de baixa da nosa base de datos. A t\u00faa solicitude tramitarase nun prazo de 10 d\u00edas desde o seu env\u00edo.<\/p>\n<h3 class=\"wp-block-heading\">6. CANTO TEMPO CONSERVAMOS OS TEUS DATOS?<\/h3>\n<p>O conxunto de datos persoais que tratamos obedece a un criterio xeral de conservaci\u00f3n ligado aos prazos que legalmente estamos obrigados a conservalos, coa excepci\u00f3n daquela informaci\u00f3n que poidamos recabar das persoas interesadas e cuxos prazos de conservaci\u00f3n fixamos internamente e se informan debidamente na nosa pol\u00edtica de privacidade detallada. Por exemplo, no caso da informaci\u00f3n relacionada coa facturaci\u00f3n, contabilidade e fiscalidade da nosa entidade, conservar\u00e9mola durante o prazo estritamente necesario para exercer acci\u00f3ns legais e responder \u00e1s obrigas do responsable desde a \u00faltima modificaci\u00f3n ou desde o momento no que cese a relaci\u00f3n como cliente.<\/p>\n<h3 class=\"wp-block-heading\">7. OS TEUS DATOS SER\u00c1N COMUNICADOS A TERCEIROS?<\/h3>\n<p>Non haber\u00e1 cesi\u00f3n, transmisi\u00f3n ou transferencia de datos persoais, ag\u00e1s as xa informadas, que non sexa por unha obriga legal. Se, por requirimento da Administraci\u00f3n P\u00fablica ou das Instituci\u00f3ns Auton\u00f3micas no \u00e1mbito das funci\u00f3ns que a lei lles atrib\u00faa expresamente, se nos solicitan os teus datos, estes ser\u00e1n transmitidos.<\/p>\n<p>De existir unha cesi\u00f3n, transmisi\u00f3n ou transferencia de datos persoais f\u00f3ra dos casos anteriormente previstos, sempre se che informar\u00e1 previamente e solicitaremos o teu consentimento se procede.<\/p>\n<p>Pero, para poder organizarnos correctamente, contar con boas operativas e procedementos que garantan unha boa xesti\u00f3n, <strong>SMARTED SOLUCIONES EDUCATIVAS, SOCIEDAD LIMITADA<\/strong> pode precisar contratar os servizos de asesores, profesionais ou outras empresas de servizos para tratar datos baixo as nosas indicaci\u00f3ns.<\/p>\n<p>Este tratamento por conta de terceiros est\u00e1 regulado nun contrato que consta por escrito ou noutra forma que permita acreditar a s\u00faa celebraci\u00f3n e contido, especificando expresamente que o encargado do tratamento tratar\u00e1 os datos conforme \u00e1s nosas instruci\u00f3ns e non os aplicar\u00e1 nin usar\u00e1 con fin distinto ao que figure no devandito contrato, nin os comunicar\u00e1, nin sequera para a s\u00faa conservaci\u00f3n, a outras persoas.<\/p>\n<h3 class=\"wp-block-heading\">8. CALES SON OS TEUS DEREITOS?<\/h3>\n<p>A normativa de protecci\u00f3n de datos conc\u00e9deche os seguintes dereitos:<\/p>\n<ul class=\"wp-block-list\">\n<li>Dereito a revogar calquera consentimento prestado previamente.<\/li>\n<li>Dereito de acceso: Co\u00f1ecer que tipo de datos se est\u00e1n tratando e as caracter\u00edsticas do tratamento que se leva a cabo.<\/li>\n<li>Dereito de rectificaci\u00f3n: Poder solicitar a modificaci\u00f3n dos datos que sexan inexactos ou non veraces.<\/li>\n<li>Dereito de portabilidade: Poder obter unha copia en formato interoperable dos datos que estean a ser tratados.<\/li>\n<li>Dereito \u00e1 limitaci\u00f3n do tratamento nos casos que consideres que non \u00e9 necesario.<\/li>\n<li>Dereito de supresi\u00f3n: Solicitar o cese do tratamento dos datos cando xa non sexa necesaria a s\u00faa conservaci\u00f3n.<\/li>\n<li>Dereito de oposici\u00f3n: Poder opo\u00f1erte ao tratamento dos teus datos baseado no interese lex\u00edtimo, salvo que te\u00f1amos motivos para o tratamento que puidesen prevalecer sobre os teus dereitos, ou para a formulaci\u00f3n, o exercicio ou a defensa de reclamaci\u00f3ns.<\/li>\n<\/ul>\n<p>Tam\u00e9n, queremos informarte de que podes retirar o consentimento prestado sen que iso afecte \u00e1 licitude do tratamento xa realizado, enviando a t\u00faa solicitude ao mesmo enderezo indicado no par\u00e1grafo anterior. Neste caso, deber\u00e1s identificarte.<\/p>\n<p>Se desexas m\u00e1is informaci\u00f3n respecto ao tratamento dos teus datos ou solicitar o exercicio dos teus dereitos, podes dirixirte por escrito a <strong>SMARTED SOLUCIONES EDUCATIVAS, SOCIEDAD LIMITADA<\/strong> en C\/ \u00cdcaro, 44, 15172 &#8211; Oleiros (A Coru\u00f1a) ou mediante correo electr\u00f3nico a <a href=\"&#x6d;&#97;i&#x6c;&#116;o&#x3a;&#101;q&#x75;&#105;p&#x6f;&#108;e&#x67;&#97;l&#x40;&#115;a&#x72;&#101;l&#x61;&#108;e&#x61;&#114;n&#x69;&#110;g&#x2e;&#99;o&#x6d;\">&#x65;&#x71;&#x75;&#x69;&#x70;&#x6f;&#108;&#101;&#103;&#97;l&#64;sa&#x72;&#x65;&#x6c;&#x61;&#x6c;&#x65;&#97;&#114;&#110;&#105;&#110;g&#46;c&#x6f;&#x6d;<br><\/a><\/p>\n<ul class=\"wp-block-list\">\n<li>A dita comunicaci\u00f3n deber\u00e1 reflectir a seguinte informaci\u00f3n: nome e apelidos do usuario, a petici\u00f3n de solicitude, o domicilio e os datos acreditativos.<\/li>\n<li>O exercicio de dereitos deber\u00e1 ser realizado polo propio usuario. Non obstante, poder\u00e1 ser executado por unha persoa autorizada como representante legal do autorizado. Nese caso, deber\u00e1 achegarse a documentaci\u00f3n que acredite esta representaci\u00f3n da persoa interesada. Na p\u00e1xina web da Axencia Espa\u00f1ola de Protecci\u00f3n de Datos tes \u00e1 t\u00faa disposici\u00f3n modelos para exercer os teus dereitos.<\/li>\n<\/ul>\n<p>Lembrarche, ademais, que tes dereito a presentar unha reclamaci\u00f3n ante a Axencia Espa\u00f1ola de Protecci\u00f3n de Datos C\/Jorge Juan, 6. 28001, Madrid. Tel\u00e9fono xeral: 900 293 183. Tel\u00e9fono educaci\u00f3n e menores: 900 293 621. P\u00e1xina web https:\/\/www.aepd.es<\/p>\n<h3 class=\"wp-block-heading\">9. CAL \u00c9 O NOSO REXISTRO DE ACTIVIDADES DE TRATAMENTO?<\/h3>\n<p>Detallamos a continuaci\u00f3n as finalidades dos tratamentos de datos levados a cabo por alg\u00fan, ou por todos, os Responsables do Tratamento enumerados con anterioridade. As\u00ed, present\u00e1mosche un resumo do noso Rexistro de Actividades de Tratamento:<\/p>\n<figure class=\"wp-block-table\">\n<table class=\"has-fixed-layout\">\n<tbody>\n<tr>\n<td><strong>ACTIVIDADE DE TRATAMENTO<\/strong><\/td>\n<td><strong>FINALIDADE DO TRATAMENTO<\/strong><\/td>\n<td><strong>BASE DE LEXITIMACI\u00d3N<\/strong><\/td>\n<\/tr>\n<tr>\n<td>Xesti\u00f3n laboral da nosa empresa<\/td>\n<td>Xesti\u00f3n do persoal para a formalizaci\u00f3n dun contrato laboral, control de expedientes, xesti\u00f3n de n\u00f3minas, control horario, formaci\u00f3n, plan de pensi\u00f3ns e PRL<\/td>\n<td>Relaci\u00f3n contractual de car\u00e1cter laboral con cada traballador e cumprimento das obrigas legais do responsable do tratamento<\/td>\n<\/tr>\n<tr>\n<td>Xesti\u00f3n fiscal e contable<\/td>\n<td>Tratamento necesario para o cumprimento das obrigas fiscais e contables ligadas \u00e1 facturaci\u00f3n dos nosos produtos e\/ou servizos<\/td>\n<td>Relaci\u00f3n contractual con clientes e provedores <br>Ligadas \u00e1 conservaci\u00f3n e presentaci\u00f3n de contas <br>Intereses lex\u00edtimos prevalentes do responsable ou de terceiros<\/td>\n<\/tr>\n<tr>\n<td>Xesti\u00f3n de contactos<\/td>\n<td>Tratamento dos datos para poder manter comunicaci\u00f3ns telef\u00f3nicas e electr\u00f3nicas coas persoas interesadas<\/td>\n<td>Relaci\u00f3n contractual <br>Intereses lex\u00edtimos prevalentes do responsable ou de terceiros<br>Consentimento expreso da persoa interesada<\/td>\n<\/tr>\n<tr>\n<td>Prevenci\u00f3n de riscos laborais<\/td>\n<td>Cumprimento da lexislaci\u00f3n vixente en materia de prevenci\u00f3n de riscos laborais e vixilancia da sa\u00fade<\/td>\n<td>Cumprimento dunha obriga legal en materia de prevenci\u00f3n de riscos laborais e vixilancia da sa\u00fade por parte do responsable do tratamento<\/td>\n<\/tr>\n<tr>\n<td>Videovixilancia<\/td>\n<td>Captaci\u00f3n de imaxes polo sistema de videovixilancia e\/ou sistema de alarma con captaci\u00f3n de imaxes, para protexer os activos da entidade<\/td>\n<td>Intereses lex\u00edtimos prevalentes do responsable ou de terceiros<\/td>\n<\/tr>\n<tr>\n<td>Xesti\u00f3n de candidatos\/as a un posto de traballo<\/td>\n<td>Selecci\u00f3n de persoal e provisi\u00f3n de postos de traballo mediante xesti\u00f3n de curr\u00edculo, entrevistas persoais e probas de valoraci\u00f3n<\/td>\n<td>Adopci\u00f3n de medidas precontractuais a solicitude da persoa interesada e consentimento expreso da persoa interesada<\/td>\n<\/tr>\n<tr>\n<td>Organizaci\u00f3n de eventos e actividades<\/td>\n<td>Xesti\u00f3n e coordinaci\u00f3n de actividades e eventos af\u00edns \u00e1 actividade da entidade. Control de asistencia e participantes.<\/td>\n<td>Relaci\u00f3n contractual Consentimento expreso da persoa interesada<\/td>\n<\/tr>\n<tr>\n<td>Comunicaci\u00f3n informativa e notificaci\u00f3ns<\/td>\n<td>Difusi\u00f3n de actividades e notificaci\u00f3ns de informaci\u00f3n relevante relacionada coa actividade da entidade<\/td>\n<td>Intereses lex\u00edtimos prevalentes do responsable ou de terceiros<br>Consentimento expreso da persoa interesada<\/td>\n<\/tr>\n<tr>\n<td>Xesti\u00f3n multimedia<\/td>\n<td>Tratamento de imaxes e\/ou v\u00eddeos para a difusi\u00f3n en medios de comunicaci\u00f3n e redes sociais e a promoci\u00f3n das actividades<\/td>\n<td>Consentimento expreso da persoa interesada<\/td>\n<\/tr>\n<tr>\n<td>Xesti\u00f3n de clientes<\/td>\n<td>Tratamento dos datos necesarios para o mantemento da relaci\u00f3n comercial\/contractual cos clientes, a facturaci\u00f3n, o servizo posvenda, xesti\u00f3n de traballos realizados<\/td>\n<td>Relaci\u00f3n contractual<br>Relaci\u00f3n comercial<\/td>\n<\/tr>\n<tr>\n<td>Env\u00edo de publicidade<\/td>\n<td>Env\u00edo de informaci\u00f3n comercial, notificaci\u00f3ns sobre actos e eventos de interese, ofertas, informaci\u00f3n sobre produtos e servizos, a clientes e\/ou potenciais clientes.<\/td>\n<td>Consentimento expreso da persoa interesada e interese lex\u00edtimo do responsable do tratamento<\/td>\n<\/tr>\n<tr>\n<td>Control laboral<\/td>\n<td>Control de asistencia dos empregados\/as ao posto de traballo, control de quendas e xesti\u00f3n de vacaci\u00f3ns, baixas e outras asistencias.<\/td>\n<td>Relaci\u00f3n contractual <br>Intereses lex\u00edtimos prevalentes do responsable ou de terceiros<\/td>\n<\/tr>\n<tr>\n<td>Xesti\u00f3n de incidencias<\/td>\n<td>Xestionar as incidencias dos clientes sobre servizos\/produtos para o seguimento e resoluci\u00f3n das mesmas<\/td>\n<td>Relaci\u00f3n contractual e obriga legal para o\/a responsable<\/td>\n<\/tr>\n<tr>\n<td>Xesti\u00f3n de proxectos<\/td>\n<td>Datos necesarios para a xesti\u00f3n de proxectos, datos de contacto de persoas implicadas, traballadores\/as e\/ou terceiros participantes no mesmo<\/td>\n<td>Relaci\u00f3n contractual<\/td>\n<\/tr>\n<tr>\n<td>Xesti\u00f3n de potenciais clientes<\/td>\n<td>Poder realizar as comunicaci\u00f3ns necesarias con posibles clientes e\/ou outras persoas interesadas, env\u00edo de orzamentos, tarifas, custos de produtos e demais informaci\u00f3n solicitada previa a establecer unha relaci\u00f3n contractual<\/td>\n<td>Consentimento da persoa interesada, adopci\u00f3n de medidas precontractuais solicitadas pola persoa interesada e o interese lex\u00edtimo.<\/td>\n<\/tr>\n<tr>\n<td>Xesti\u00f3n externa de plataformas<\/td>\n<td>Xesti\u00f3n dos usuarios\/as das plataformas contratadas polos clientes: alta, modificaci\u00f3n, baixa e informes.<\/td>\n<td>Relaci\u00f3n contractual<\/td>\n<\/tr>\n<tr>\n<td>Xesti\u00f3n da Canle Interna de Informaci\u00f3n<\/td>\n<td>Xesti\u00f3n das comunicaci\u00f3ns recibidas no seo da Canle, co obxecto de investigar posibles condutas ou feitos delituosos ou contra actos da Uni\u00f3n Europea.<\/td>\n<td>Cumprimento do establecido na Lei 2\/2023, reguladora da protecci\u00f3n das persoas que informen sobre infracci\u00f3ns normativas e de loita contra a corrupci\u00f3n.<\/td>\n<\/tr>\n<\/tbody>\n<\/table>\n<\/figure>\n<h3 class=\"wp-block-heading\">10. TRATAMENTO DE DATOS PERSOAIS EN PROCESOS DE SELECCI\u00d3N<\/h3>\n<p>En SMARTED tomamos moi en serio a t\u00faa privacidade. Co\u00f1ece como tratamos os datos persoais das persoas candidatas nos procesos de selecci\u00f3n.<\/p>\n<figure class=\"wp-block-table\">\n<table class=\"has-fixed-layout\">\n<tbody>\n<tr>\n<td>Responsable<\/td>\n<td>SMARTED SOLUCIONES EDUCATIVAS, SOCIEDAD LIMITADA<\/td>\n<\/tr>\n<tr>\n<td>Tipo de responsabilidade<\/td>\n<td>Responsable do tratamento<\/td>\n<\/tr>\n<tr>\n<td>Finalidade<\/td>\n<td>Selecci\u00f3n de persoal e provisi\u00f3n de postos de traballo mediante xesti\u00f3n de curr\u00edculo, entrevistas persoais e probas de valoraci\u00f3n<\/td>\n<\/tr>\n<tr>\n<td>Lexitimaci\u00f3n<\/td>\n<td>Consentimento expreso do titular dos datos e adopci\u00f3n de medidas precontractuais a solicitude da persoa interesada<\/td>\n<\/tr>\n<tr>\n<td>Interesados\/as<\/td>\n<td>Candidatos\/as a un posto de emprego<\/td>\n<\/tr>\n<tr>\n<td>Procedencia dos datos<\/td>\n<td>O titular dos datos ou terceiros autorizados<\/td>\n<\/tr>\n<tr>\n<td>Categor\u00edas de datos<\/td>\n<td>Datos identificativos<br>Datos de caracter\u00edsticas persoais<br>Datos acad\u00e9micos e profesionais <br>Datos de detalle do emprego<\/td>\n<\/tr>\n<tr>\n<td>Prazo de conservaci\u00f3n<\/td>\n<td>Ata 24 meses<\/td>\n<\/tr>\n<tr>\n<td>Tipo de tratamento<\/td>\n<td>Mixto: automatizado e en papel<\/td>\n<\/tr>\n<tr>\n<td>Cesi\u00f3n<\/td>\n<td>Os datos poden ser cedidos a terceiros necesarios para a xesti\u00f3n do curr\u00edculo ou a outros terceiros interesados na contrataci\u00f3n (previa autorizaci\u00f3n expresa)<\/td>\n<\/tr>\n<tr>\n<td>Consecuencia de non facilitar os datos<\/td>\n<td>Non poder realizar correctamente a selecci\u00f3n, ao faltar datos para ter un criterio obxectivo<\/td>\n<\/tr>\n<\/tbody>\n<\/table>\n<\/figure>\n<h3 class=\"wp-block-heading\">11. CAMBIOS NA POL\u00cdTICA DE PRIVACIDADE<\/h3>\n<p>Calquera cambio que no futuro poidamos introducir na nosa pol\u00edtica de privacidade ser\u00e1 comunicado nesta p\u00e1xina, polo que nos reservamos o dereito de facelo. Deste modo, poder\u00e1s comprobar regularmente as actualizaci\u00f3ns ou cambios na nosa pol\u00edtica de privacidade.<\/p>\t\t\t\t\t\t\t\t<\/div>\n\t\t\t\t\t<\/div>\n\t\t\t\t<\/div>\n\t\t\t\t<\/div>\n\t\t","protected":false},"excerpt":{"rendered":"<p>Desde SMARTED SOLUCIONES EDUCATIVAS, SOCIEDAD LIMITADA entendemos que \u00e9 esencial manter unha relaci\u00f3n transparente contigo; por iso, a continuaci\u00f3n, present\u00e1mosche a nosa Pol\u00edtica de Privacidade, para que en todo momento esteas debidamente informado acerca de como recompilamos e tratamos de forma segura calquera dato que nos facilites. Os teus datos ser\u00e1n tratados de conformidade coa [&hellip;]<\/p>\n","protected":false},"author":1,"featured_media":333,"parent":0,"menu_order":0,"comment_status":"closed","ping_status":"open","template":"elementor_theme","meta":{"content-type":"","inline_featured_image":false,"footnotes":""},"class_list":["post-312","page","type-page","status-publish","has-post-thumbnail","hentry"],"yoast_head":"<!-- This site is optimized with the Yoast SEO plugin v27.5 - https:\/\/yoast.com\/product\/yoast-seo-wordpress\/ -->\n<title>Pol\u00edtica de privacidade - Sarela Editorial<\/title>\n<meta name=\"robots\" content=\"index, follow, max-snippet:-1, max-image-preview:large, max-video-preview:-1\" \/>\n<link rel=\"canonical\" href=\"https:\/\/sarelaeditorial.com\/gl\/politica-privacidad\/\" \/>\n<meta property=\"og:locale\" content=\"gl_ES\" \/>\n<meta property=\"og:type\" content=\"article\" \/>\n<meta property=\"og:title\" content=\"Pol\u00edtica de privacidade - Sarela Editorial\" \/>\n<meta property=\"og:description\" content=\"Desde SMARTED SOLUCIONES EDUCATIVAS, SOCIEDAD LIMITADA entendemos que \u00e9 esencial manter unha relaci\u00f3n transparente contigo; por iso, a continuaci\u00f3n, present\u00e1mosche a nosa Pol\u00edtica de Privacidade, para que en todo momento esteas debidamente informado acerca de como recompilamos e tratamos de forma segura calquera dato que nos facilites. Os teus datos ser\u00e1n tratados de conformidade coa [&hellip;]\" \/>\n<meta property=\"og:url\" content=\"https:\/\/sarelaeditorial.com\/gl\/politica-privacidad\/\" \/>\n<meta property=\"og:site_name\" content=\"Sarela Editorial\" \/>\n<meta property=\"article:modified_time\" content=\"2026-03-03T19:51:05+00:00\" \/>\n<meta property=\"og:image\" content=\"https:\/\/sarelaeditorial.com\/wp-content\/uploads\/2026\/02\/sarela.featured-image-galego.png\" \/>\n\t<meta property=\"og:image:width\" content=\"1200\" \/>\n\t<meta property=\"og:image:height\" content=\"632\" \/>\n\t<meta property=\"og:image:type\" content=\"image\/png\" \/>\n<meta name=\"twitter:card\" content=\"summary_large_image\" \/>\n<meta name=\"twitter:label1\" content=\"Tempo de lectura\" \/>\n\t<meta name=\"twitter:data1\" content=\"13 minutos\" \/>\n<script type=\"application\/ld+json\" class=\"yoast-schema-graph\">{\"@context\":\"https:\\\/\\\/schema.org\",\"@graph\":[{\"@type\":\"WebPage\",\"@id\":\"https:\\\/\\\/sarelaeditorial.com\\\/gl\\\/politica-privacidad\\\/\",\"url\":\"https:\\\/\\\/sarelaeditorial.com\\\/gl\\\/politica-privacidad\\\/\",\"name\":\"Pol\u00edtica de privacidade - Sarela Editorial\",\"isPartOf\":{\"@id\":\"https:\\\/\\\/sarelaeditorial.com\\\/#website\"},\"primaryImageOfPage\":{\"@id\":\"https:\\\/\\\/sarelaeditorial.com\\\/gl\\\/politica-privacidad\\\/#primaryimage\"},\"image\":{\"@id\":\"https:\\\/\\\/sarelaeditorial.com\\\/gl\\\/politica-privacidad\\\/#primaryimage\"},\"thumbnailUrl\":\"https:\\\/\\\/sarelaeditorial.com\\\/wp-content\\\/uploads\\\/2026\\\/02\\\/sarela.featured-image-galego.png\",\"datePublished\":\"2026-02-09T10:14:02+00:00\",\"dateModified\":\"2026-03-03T19:51:05+00:00\",\"breadcrumb\":{\"@id\":\"https:\\\/\\\/sarelaeditorial.com\\\/gl\\\/politica-privacidad\\\/#breadcrumb\"},\"inLanguage\":\"gl-ES\",\"potentialAction\":[{\"@type\":\"ReadAction\",\"target\":[\"https:\\\/\\\/sarelaeditorial.com\\\/gl\\\/politica-privacidad\\\/\"]}]},{\"@type\":\"ImageObject\",\"inLanguage\":\"gl-ES\",\"@id\":\"https:\\\/\\\/sarelaeditorial.com\\\/gl\\\/politica-privacidad\\\/#primaryimage\",\"url\":\"https:\\\/\\\/sarelaeditorial.com\\\/wp-content\\\/uploads\\\/2026\\\/02\\\/sarela.featured-image-galego.png\",\"contentUrl\":\"https:\\\/\\\/sarelaeditorial.com\\\/wp-content\\\/uploads\\\/2026\\\/02\\\/sarela.featured-image-galego.png\",\"width\":1200,\"height\":632},{\"@type\":\"BreadcrumbList\",\"@id\":\"https:\\\/\\\/sarelaeditorial.com\\\/gl\\\/politica-privacidad\\\/#breadcrumb\",\"itemListElement\":[{\"@type\":\"ListItem\",\"position\":1,\"name\":\"Portada\",\"item\":\"https:\\\/\\\/sarelaeditorial.com\\\/\"},{\"@type\":\"ListItem\",\"position\":2,\"name\":\"Pol\u00edtica de privacidade\"}]},{\"@type\":\"WebSite\",\"@id\":\"https:\\\/\\\/sarelaeditorial.com\\\/#website\",\"url\":\"https:\\\/\\\/sarelaeditorial.com\\\/\",\"name\":\"Sarela Editorial\",\"description\":\"Un proyecto que une papel y tecnolog\u00eda para dar voz a la escuela.\",\"publisher\":{\"@id\":\"https:\\\/\\\/sarelaeditorial.com\\\/#organization\"},\"potentialAction\":[{\"@type\":\"SearchAction\",\"target\":{\"@type\":\"EntryPoint\",\"urlTemplate\":\"https:\\\/\\\/sarelaeditorial.com\\\/?s={search_term_string}\"},\"query-input\":{\"@type\":\"PropertyValueSpecification\",\"valueRequired\":true,\"valueName\":\"search_term_string\"}}],\"inLanguage\":\"gl-ES\"},{\"@type\":\"Organization\",\"@id\":\"https:\\\/\\\/sarelaeditorial.com\\\/#organization\",\"name\":\"Sarela Editorial\",\"url\":\"https:\\\/\\\/sarelaeditorial.com\\\/\",\"logo\":{\"@type\":\"ImageObject\",\"inLanguage\":\"gl-ES\",\"@id\":\"https:\\\/\\\/sarelaeditorial.com\\\/#\\\/schema\\\/logo\\\/image\\\/\",\"url\":\"https:\\\/\\\/sarelaeditorial.com\\\/wp-content\\\/uploads\\\/2026\\\/02\\\/Sarela-Editorial-logo-color.svg\",\"contentUrl\":\"https:\\\/\\\/sarelaeditorial.com\\\/wp-content\\\/uploads\\\/2026\\\/02\\\/Sarela-Editorial-logo-color.svg\",\"width\":945,\"height\":322,\"caption\":\"Sarela Editorial\"},\"image\":{\"@id\":\"https:\\\/\\\/sarelaeditorial.com\\\/#\\\/schema\\\/logo\\\/image\\\/\"},\"sameAs\":[\"https:\\\/\\\/www.linkedin.com\\\/company\\\/sarela-editorial\\\/\"]}]}<\/script>\n<!-- \/ Yoast SEO plugin. -->","yoast_head_json":{"title":"Pol\u00edtica de privacidade - Sarela Editorial","robots":{"index":"index","follow":"follow","max-snippet":"max-snippet:-1","max-image-preview":"max-image-preview:large","max-video-preview":"max-video-preview:-1"},"canonical":"https:\/\/sarelaeditorial.com\/gl\/politica-privacidad\/","og_locale":"gl_ES","og_type":"article","og_title":"Pol\u00edtica de privacidade - Sarela Editorial","og_description":"Desde SMARTED SOLUCIONES EDUCATIVAS, SOCIEDAD LIMITADA entendemos que \u00e9 esencial manter unha relaci\u00f3n transparente contigo; por iso, a continuaci\u00f3n, present\u00e1mosche a nosa Pol\u00edtica de Privacidade, para que en todo momento esteas debidamente informado acerca de como recompilamos e tratamos de forma segura calquera dato que nos facilites. Os teus datos ser\u00e1n tratados de conformidade coa [&hellip;]","og_url":"https:\/\/sarelaeditorial.com\/gl\/politica-privacidad\/","og_site_name":"Sarela Editorial","article_modified_time":"2026-03-03T19:51:05+00:00","og_image":[{"width":1200,"height":632,"url":"https:\/\/sarelaeditorial.com\/wp-content\/uploads\/2026\/02\/sarela.featured-image-galego.png","type":"image\/png"}],"twitter_card":"summary_large_image","twitter_misc":{"Tempo de lectura":"13 minutos"},"schema":{"@context":"https:\/\/schema.org","@graph":[{"@type":"WebPage","@id":"https:\/\/sarelaeditorial.com\/gl\/politica-privacidad\/","url":"https:\/\/sarelaeditorial.com\/gl\/politica-privacidad\/","name":"Pol\u00edtica de privacidade - Sarela Editorial","isPartOf":{"@id":"https:\/\/sarelaeditorial.com\/#website"},"primaryImageOfPage":{"@id":"https:\/\/sarelaeditorial.com\/gl\/politica-privacidad\/#primaryimage"},"image":{"@id":"https:\/\/sarelaeditorial.com\/gl\/politica-privacidad\/#primaryimage"},"thumbnailUrl":"https:\/\/sarelaeditorial.com\/wp-content\/uploads\/2026\/02\/sarela.featured-image-galego.png","datePublished":"2026-02-09T10:14:02+00:00","dateModified":"2026-03-03T19:51:05+00:00","breadcrumb":{"@id":"https:\/\/sarelaeditorial.com\/gl\/politica-privacidad\/#breadcrumb"},"inLanguage":"gl-ES","potentialAction":[{"@type":"ReadAction","target":["https:\/\/sarelaeditorial.com\/gl\/politica-privacidad\/"]}]},{"@type":"ImageObject","inLanguage":"gl-ES","@id":"https:\/\/sarelaeditorial.com\/gl\/politica-privacidad\/#primaryimage","url":"https:\/\/sarelaeditorial.com\/wp-content\/uploads\/2026\/02\/sarela.featured-image-galego.png","contentUrl":"https:\/\/sarelaeditorial.com\/wp-content\/uploads\/2026\/02\/sarela.featured-image-galego.png","width":1200,"height":632},{"@type":"BreadcrumbList","@id":"https:\/\/sarelaeditorial.com\/gl\/politica-privacidad\/#breadcrumb","itemListElement":[{"@type":"ListItem","position":1,"name":"Portada","item":"https:\/\/sarelaeditorial.com\/"},{"@type":"ListItem","position":2,"name":"Pol\u00edtica de privacidade"}]},{"@type":"WebSite","@id":"https:\/\/sarelaeditorial.com\/#website","url":"https:\/\/sarelaeditorial.com\/","name":"Sarela Editorial","description":"Un proyecto que une papel y tecnolog\u00eda para dar voz a la escuela.","publisher":{"@id":"https:\/\/sarelaeditorial.com\/#organization"},"potentialAction":[{"@type":"SearchAction","target":{"@type":"EntryPoint","urlTemplate":"https:\/\/sarelaeditorial.com\/?s={search_term_string}"},"query-input":{"@type":"PropertyValueSpecification","valueRequired":true,"valueName":"search_term_string"}}],"inLanguage":"gl-ES"},{"@type":"Organization","@id":"https:\/\/sarelaeditorial.com\/#organization","name":"Sarela Editorial","url":"https:\/\/sarelaeditorial.com\/","logo":{"@type":"ImageObject","inLanguage":"gl-ES","@id":"https:\/\/sarelaeditorial.com\/#\/schema\/logo\/image\/","url":"https:\/\/sarelaeditorial.com\/wp-content\/uploads\/2026\/02\/Sarela-Editorial-logo-color.svg","contentUrl":"https:\/\/sarelaeditorial.com\/wp-content\/uploads\/2026\/02\/Sarela-Editorial-logo-color.svg","width":945,"height":322,"caption":"Sarela Editorial"},"image":{"@id":"https:\/\/sarelaeditorial.com\/#\/schema\/logo\/image\/"},"sameAs":["https:\/\/www.linkedin.com\/company\/sarela-editorial\/"]}]}},"_links":{"self":[{"href":"https:\/\/sarelaeditorial.com\/gl\/wp-json\/wp\/v2\/pages\/312","targetHints":{"allow":["GET"]}}],"collection":[{"href":"https:\/\/sarelaeditorial.com\/gl\/wp-json\/wp\/v2\/pages"}],"about":[{"href":"https:\/\/sarelaeditorial.com\/gl\/wp-json\/wp\/v2\/types\/page"}],"author":[{"embeddable":true,"href":"https:\/\/sarelaeditorial.com\/gl\/wp-json\/wp\/v2\/users\/1"}],"replies":[{"embeddable":true,"href":"https:\/\/sarelaeditorial.com\/gl\/wp-json\/wp\/v2\/comments?post=312"}],"version-history":[{"count":24,"href":"https:\/\/sarelaeditorial.com\/gl\/wp-json\/wp\/v2\/pages\/312\/revisions"}],"predecessor-version":[{"id":493,"href":"https:\/\/sarelaeditorial.com\/gl\/wp-json\/wp\/v2\/pages\/312\/revisions\/493"}],"wp:featuredmedia":[{"embeddable":true,"href":"https:\/\/sarelaeditorial.com\/gl\/wp-json\/wp\/v2\/media\/333"}],"wp:attachment":[{"href":"https:\/\/sarelaeditorial.com\/gl\/wp-json\/wp\/v2\/media?parent=312"}],"curies":[{"name":"wp","href":"https:\/\/api.w.org\/{rel}","templated":true}]}}